{"id":3,"date":"2025-03-25T14:32:03","date_gmt":"2025-03-25T14:32:03","guid":{"rendered":"https:\/\/yokohama.demo.mybeautifuldomain.com\/?page_id=3"},"modified":"2025-10-16T10:48:46","modified_gmt":"2025-10-16T10:48:46","slug":"adatvedelmi-nyilatkozat","status":"publish","type":"page","link":"https:\/\/www.yokohama.eu\/hu\/privacy-policy\/","title":{"rendered":"Adatv\u00e9delmi ir\u00e1nyelvek"},"content":{"rendered":"<div class='breakdance'><section class=\"bde-section-3-100 bde-section\" data-gsap=\"true\" data-scrolltrigger=\"false\">\n  \n  \n\t\n\n\n\n<div class=\"section-container\"><div class=\"bde-shortcode-3-101 bde-shortcode breadcrumbs__wrap\"><nav class=\"breadcrumbs\" aria-label=\"Navig\u00e1ci\u00f3s nyomvonal\"><a class=\"breadcrumbs__link breadcrumbs__link--home\" href=\"https:\/\/www.yokohama.eu\/hu\/\">F\u0151oldal<\/a><span class=\"breadcrumbs__separator\"> \/ <\/span><span class=\"breadcrumbs__current\">Adatv\u00e9delmi ir\u00e1nyelvek<\/span><\/nav><\/div><div class=\"bde-div-3-102 bde-div\" data-animation=\"from-bot\">\n  \n  \n\t\n\n\n\n<h1 class=\"bde-heading-3-103 bde-heading\">\nAdatv\u00e9delmi ir\u00e1nyelvek\n<\/h1><div class=\"bde-table-of-contents-3-109 bde-table-of-contents bde-preset-d9428d12-feab-4fcd-b54b-cb9ee010e665\">\n<div class=\"bde-table-of-contents__wrapper\">\n  <header class=\"bde-table-of-contents__header\">\n           <\/header>\n  \n  <div class=\"bde-table-of-contents__list\">\n    <nav id=\"bde-toc\" class=\"toc js-breakdance-toc\" aria-label=\"Tartalomjegyz\u00e9k\">Ebben a dokumentumban nincsenek c\u00edmsorok.<\/nav>\n  <\/div>\n<\/div>\n\n\n<\/div><div class=\"bde-rich-text-3-107 bde-rich-text entry-content bde-preset-307379fe-d50f-4205-b47a-eb954f1134d9 breakdance-rich-text-styles\">\n<h2>1. Az adatv\u00e9delem \u00e1ttekint\u00e9se<\/h2>\n<h3>\u00c1ltal\u00e1nos inform\u00e1ci\u00f3k<\/h3>\n<p>Az al\u00e1bbi inform\u00e1ci\u00f3k k\u00f6nnyen \u00e1ttekinthet\u0151 k\u00e9pet ny\u00fajtanak arr\u00f3l, hogy mi t\u00f6rt\u00e9nik az \u00d6n szem\u00e9lyes adataival, amikor megl\u00e1togatja ezt a weboldalt. A \u201cszem\u00e9lyes adatok\u201d kifejez\u00e9s minden olyan adatot mag\u00e1ban foglal, amely alapj\u00e1n \u00d6nt szem\u00e9ly szerint azonos\u00edtani lehet. Az adatv\u00e9delem t\u00e9m\u00e1j\u00e1val kapcsolatos r\u00e9szletes inform\u00e1ci\u00f3k\u00e9rt k\u00e9rj\u00fck, olvassa el adatv\u00e9delmi nyilatkozatunkat, amelyet a sz\u00f6veg alatt tal\u00e1l.<\/p>\n<p>Adatgy\u0171jt\u00e9s ezen a weboldalon<\/p>\n<h3>Ki a felel\u0151s az ezen a weboldalon t\u00f6rt\u00e9n\u0151 adatgy\u0171jt\u00e9s\u00e9rt (azaz az \u201cadatkezel\u0151\u201d)?<\/h3>\n<p>A weboldalon tal\u00e1lhat\u00f3 adatokat a weboldal \u00fczemeltet\u0151je dolgozza fel, akinek el\u00e9rhet\u0151s\u00e9gei a weboldal \u201cT\u00f6rv\u00e9ny \u00e1ltal el\u0151\u00edrt inform\u00e1ci\u00f3k\u201d c\u00edm\u0171 szakasz\u00e1ban tal\u00e1lhat\u00f3k.<\/p>\n<h3>Hogyan r\u00f6gz\u00edtj\u00fck az \u00d6n adatait?<\/h3>\n<p>Az \u00d6n adatait akkor gy\u0171jtj\u00fck, amikor \u00d6n azokat megosztja vel\u00fcnk. Ez lehet p\u00e9ld\u00e1ul az a inform\u00e1ci\u00f3, amelyet az el\u00e9rhet\u0151s\u00e9gi \u0171rlapunkba ad meg.<\/p>\n<p>Egy\u00e9b adatokat informatikai rendszereink automatikusan r\u00f6gz\u00edtenek, vagy miut\u00e1n \u00d6n a weboldal l\u00e1togat\u00e1sa sor\u00e1n hozz\u00e1j\u00e1rult azok r\u00f6gz\u00edt\u00e9s\u00e9hez. Ezek az adatok els\u0151sorban m\u0171szaki inform\u00e1ci\u00f3kat tartalmaznak (pl. b\u00f6ng\u00e9sz\u0151, oper\u00e1ci\u00f3s rendszer vagy a weboldalra val\u00f3 bel\u00e9p\u00e9s ideje). Ezeket az inform\u00e1ci\u00f3kat a weboldalra val\u00f3 bel\u00e9p\u00e9skor automatikusan r\u00f6gz\u00edtj\u00fck.<\/p>\n<h3>Milyen c\u00e9lokra haszn\u00e1ljuk fel az \u00d6n adatait?<\/h3>\n<p>Az adatok egy r\u00e9sze a weboldal hibamentes m\u0171k\u00f6d\u00e9s\u00e9nek biztos\u00edt\u00e1sa \u00e9rdek\u00e9ben ker\u00fcl r\u00f6gz\u00edt\u00e9sre. Egy\u00e9b adatok felhaszn\u00e1lhat\u00f3k a felhaszn\u00e1l\u00f3i szok\u00e1sok elemz\u00e9s\u00e9re.<\/p>\n<h3>Milyen jogai vannak az adatai tekintet\u00e9ben?<\/h3>\n<p>\u00d6nnek joga van b\u00e1rmikor t\u00e1j\u00e9koztat\u00e1st kapni az archiv\u00e1lt szem\u00e9lyes adatai forr\u00e1s\u00e1r\u00f3l, c\u00edmzettjeir\u0151l \u00e9s c\u00e9ljair\u00f3l, an\u00e9lk\u00fcl, hogy az ilyen t\u00e1j\u00e9koztat\u00e1s\u00e9rt d\u00edjat kellene fizetnie. \u00d6nnek joga van tov\u00e1bb\u00e1 az adatai helyesb\u00edt\u00e9s\u00e9t vagy t\u00f6rl\u00e9s\u00e9t k\u00e9rni. Amennyiben hozz\u00e1j\u00e1rult az adatkezel\u00e9shez, b\u00e1rmikor visszavonhatja ezt a hozz\u00e1j\u00e1rul\u00e1st, amely visszavon\u00e1s a j\u00f6v\u0151beli adatkezel\u00e9sre is hat\u00e1ssal lesz. Ezen fel\u00fcl bizonyos k\u00f6r\u00fclm\u00e9nyek k\u00f6z\u00f6tt joga van az adatai kezel\u00e9s\u00e9nek korl\u00e1toz\u00e1s\u00e1t k\u00e9rni. Tov\u00e1bb\u00e1 joga van panaszt beny\u00fajtani az illet\u00e9kes fel\u00fcgyeleti hat\u00f3s\u00e1ghoz.<\/p>\n<p>K\u00e9rj\u00fck, ne habozzon b\u00e1rmikor felvenni vel\u00fcnk a kapcsolatot a weboldal \u201cA t\u00f6rv\u00e9ny \u00e1ltal el\u0151\u00edrt inform\u00e1ci\u00f3k\u201d c\u00edm\u0171 szakasz\u00e1ban felt\u00fcntetett c\u00edmen, ha k\u00e9rd\u00e9se van ezzel vagy b\u00e1rmely m\u00e1s adatv\u00e9delmi k\u00e9rd\u00e9ssel kapcsolatban.<\/p>\n<h3>Elemz\u0151 eszk\u00f6z\u00f6k \u00e9s harmadik felek \u00e1ltal biztos\u00edtott eszk\u00f6z\u00f6k<\/h3>\n<p>Lehets\u00e9ges, hogy a weboldal l\u00e1togat\u00e1sakor a b\u00f6ng\u00e9sz\u00e9si szok\u00e1sait statisztikailag elemzik. Az ilyen elemz\u00e9seket els\u0151sorban \u00fagynevezett elemz\u0151programok seg\u00edts\u00e9g\u00e9vel v\u00e9gzik.<\/p>\n<p>Ezen elemz\u0151programokkal kapcsolatos r\u00e9szletes inform\u00e1ci\u00f3k\u00e9rt k\u00e9rj\u00fck, olvassa el az al\u00e1bbi adatv\u00e9delmi nyilatkozatunkat.<\/p>\n<h2>2. T\u00e1rhelyszolg\u00e1ltat\u00e1sok \u00e9s tartalomszolg\u00e1ltat\u00f3 h\u00e1l\u00f3zatok (CDN)<\/h2>\n<h3>K\u00fcls\u0151 t\u00e1rhely<\/h3>\n<p>Ezt a weboldalt egy k\u00fcls\u0151 szolg\u00e1ltat\u00f3 (t\u00e1rhelyszolg\u00e1ltat\u00f3) \u00fczemelteti. A weboldalon gy\u0171jt\u00f6tt szem\u00e9lyes adatokat a t\u00e1rhelyszolg\u00e1ltat\u00f3 szerverein t\u00e1rolj\u00e1k. Ezek k\u00f6z\u00e9 tartozhatnak \u2013 de nem kiz\u00e1r\u00f3lagosan \u2013 az IP-c\u00edmek, a kapcsolatfelv\u00e9teli k\u00e9relmek, a metaadatok \u00e9s a kommunik\u00e1ci\u00f3, a szerz\u0151d\u00e9ses adatok, a kapcsolattart\u00e1si adatok, a nevek, a weboldal-l\u00e1togat\u00e1sok, valamint a weboldalon kereszt\u00fcl gener\u00e1lt egy\u00e9b adatok.<\/p>\n<p>A t\u00e1rhelyszolg\u00e1ltat\u00e1st a potenci\u00e1lis \u00e9s megl\u00e9v\u0151 \u00fcgyfeleinkkel k\u00f6t\u00f6tt szerz\u0151d\u00e9s teljes\u00edt\u00e9se c\u00e9lj\u00e1b\u00f3l (GDPR 6. cikk (1) bekezd\u00e9s b) pontja), valamint az online szolg\u00e1ltat\u00e1saink biztons\u00e1gos, gyors \u00e9s hat\u00e9kony ny\u00fajt\u00e1s\u00e1nak \u00e9rdek\u00e9ben egy professzion\u00e1lis szolg\u00e1ltat\u00f3 \u00e1ltal biztos\u00edtjuk (GDPR 6. cikk (1) bekezd\u00e9s f) pontja).<\/p>\n<p>A szolg\u00e1ltat\u00f3nk az \u00d6n adatait kiz\u00e1r\u00f3lag annyira dolgozza fel, amennyire az a teljes\u00edt\u00e9si k\u00f6telezetts\u00e9geinek teljes\u00edt\u00e9s\u00e9hez, valamint az ilyen adatokra vonatkoz\u00f3 utas\u00edt\u00e1saink betart\u00e1s\u00e1hoz sz\u00fcks\u00e9ges.<\/p>\n<h3>Adatfeldolgoz\u00e1si meg\u00e1llapod\u00e1s megk\u00f6t\u00e9se<\/h3>\n<p>Annak \u00e9rdek\u00e9ben, hogy az adatkezel\u00e9s az adatv\u00e9delmi el\u0151\u00edr\u00e1soknak megfelel\u0151en t\u00f6rt\u00e9njen, adatfeldolgoz\u00e1si szerz\u0151d\u00e9st k\u00f6t\u00f6tt\u00fcnk a t\u00e1rhelyszolg\u00e1ltat\u00f3nkkal.<\/p>\n<h2>3. \u00c1ltal\u00e1nos inform\u00e1ci\u00f3k \u00e9s k\u00f6telez\u0151en felt\u00fcntetend\u0151 adatok<\/h2>\n<h3>Adatv\u00e9delem<\/h3>\n<p>A weboldal \u00e9s az azon tal\u00e1lhat\u00f3 oldalak \u00fczemeltet\u0151i rendk\u00edv\u00fcl komolyan veszik az \u00d6n szem\u00e9lyes adatainak v\u00e9delm\u00e9t. Ez\u00e9rt szem\u00e9lyes adatait bizalmas inform\u00e1ci\u00f3k\u00e9nt kezelj\u00fck, a t\u00f6rv\u00e9nyes adatv\u00e9delmi el\u0151\u00edr\u00e1soknak, valamint a jelen adatv\u00e9delmi nyilatkozatnak megfelel\u0151en.<\/p>\n<p>A weboldal haszn\u00e1lata sor\u00e1n k\u00fcl\u00f6nf\u00e9le szem\u00e9lyes adatok ker\u00fclnek r\u00f6gz\u00edt\u00e9sre. A szem\u00e9lyes adatok olyan adatokat jelentenek, amelyek alapj\u00e1n \u00d6n szem\u00e9ly szerint azonos\u00edthat\u00f3. Jelen adatv\u00e9delmi nyilatkozatban ismertetj\u00fck, hogy milyen adatokat gy\u0171jt\u00fcnk, valamint azok felhaszn\u00e1l\u00e1s\u00e1nak c\u00e9ljait. Ezenk\u00edv\u00fcl elmagyar\u00e1zzuk, hogy az adatok gy\u0171jt\u00e9se hogyan \u00e9s milyen c\u00e9lb\u00f3l t\u00f6rt\u00e9nik.<\/p>\n<p>Ez\u00faton t\u00e1j\u00e9koztatjuk \u00d6nt, hogy az interneten kereszt\u00fcl t\u00f6rt\u00e9n\u0151 adat\u00e1tvitel (azaz az e-mailes kommunik\u00e1ci\u00f3) biztons\u00e1gi r\u00e9sekre hajlamos lehet. Az adatokat nem lehet teljes m\u00e9rt\u00e9kben megv\u00e9deni harmadik felek hozz\u00e1f\u00e9r\u00e9s\u00e9t\u0151l.<\/p>\n<h3>Az adatkezel\u0151vel kapcsolatos inform\u00e1ci\u00f3k (a GDPR-ben \u201cadatkezel\u0151k\u00e9nt\u201d szerepel)<\/h3>\n<p>A jelen weboldalon az adatkezel\u0151:<\/p>\n<p>Yokohama Europe GmbH<br \/>Monschauerstr. 12<br \/>40549 D\u00fcsseldorf<br \/>N\u00e9metorsz\u00e1g<br \/>Telefon: 0211 53 74 05 0<br \/>E-mail: <a href=\"mailto:contact@yokohama.eu\">contact@yokohama.eu<\/a><\/p>\n<p>Az adatkezel\u0151 az a term\u00e9szetes vagy jogi szem\u00e9ly, aki egyed\u00fcl vagy m\u00e1sokkal k\u00f6z\u00f6sen d\u00f6nt a szem\u00e9lyes adatok (pl. nevek, e-mail-c\u00edmek stb.) feldolgoz\u00e1s\u00e1nak c\u00e9ljair\u00f3l \u00e9s az ahhoz sz\u00fcks\u00e9ges eszk\u00f6z\u00f6kr\u0151l.<\/p>\n<h3>Az adatv\u00e9delmi tisztvisel\u0151 kijel\u00f6l\u00e9se a t\u00f6rv\u00e9nyi el\u0151\u00edr\u00e1soknak megfelel\u0151en<\/h3>\n<p>Kinevezt\u00fcnk egy adatv\u00e9delmi tisztvisel\u0151t a c\u00e9g\u00fcnkh\u00f6z.<\/p>\n<p>Sanja Kudus-Besirevic<br \/>Bechtle GmbH<br \/>Piepersberg 42, 42653 Solingen<br \/>E-mail: <a href=\"mailto:datenschutz.solingen@bechtle.com\">datenschutz.solingen@bechtle.com<\/a><\/p>\n<h3>Az adatkezel\u00e9shez adott hozz\u00e1j\u00e1rul\u00e1s visszavon\u00e1sa<\/h3>\n<p>Sz\u00e1mos adatkezel\u00e9si m\u0171velet kiz\u00e1r\u00f3lag az \u00d6n kifejezett hozz\u00e1j\u00e1rul\u00e1s\u00e1val lehets\u00e9ges. A m\u00e1r megadott hozz\u00e1j\u00e1rul\u00e1s\u00e1t b\u00e1rmikor visszavonhatja. Ez nem \u00e9rinti a visszavon\u00e1s el\u0151tt t\u00f6rt\u00e9nt adatgy\u0171jt\u00e9s jogszer\u0171s\u00e9g\u00e9t.<\/p>\n<h3>Az adatgy\u0171jt\u00e9s elleni tiltakoz\u00e1s joga k\u00fcl\u00f6nleges esetekben; a k\u00f6zvetlen rekl\u00e1moz\u00e1s elleni tiltakoz\u00e1s joga (a GDPR 21. cikke)<\/h3>\n<p>Amennyiben az adatkezel\u00e9s a GDPR 6. cikke (1) bekezd\u00e9s\u00e9nek e) vagy f) pontja alapj\u00e1n t\u00f6rt\u00e9nik, \u00d6nnek joga van b\u00e1rmikor, a saj\u00e1t egyedi helyzet\u00e9b\u0151l fakad\u00f3 okok alapj\u00e1n tiltakozni szem\u00e9lyes adatainak kezel\u00e9se ellen. Ez vonatkozik az e rendelkez\u00e9seken alapul\u00f3 profilalkot\u00e1sra is.<\/p>\n<p>Amennyiben tiltakoz\u00e1st ny\u00fajt be, az \u00e9rintett szem\u00e9lyes adatait t\u00f6bb\u00e9 nem fogjuk feldolgozni, kiv\u00e9ve, ha olyan nyom\u00f3s, adatv\u00e9delmi szempontb\u00f3l megalapozott okot tudunk felhozni az adatok feldolgoz\u00e1s\u00e1ra, amely fel\u00fclm\u00falja az \u00d6n \u00e9rdekeit, jogait \u00e9s szabads\u00e1gait, vagy ha az adatfeldolgoz\u00e1s c\u00e9lja jogi ig\u00e9nyek \u00e9rv\u00e9nyes\u00edt\u00e9se, gyakorl\u00e1sa vagy v\u00e9delme.<\/p>\n<p>Amennyiben szem\u00e9lyes adatait k\u00f6zvetlen rekl\u00e1moz\u00e1s c\u00e9lj\u00e1b\u00f3l kezelik, \u00d6nnek joga van b\u00e1rmikor tiltakozni az \u00e9rintett szem\u00e9lyes adatainak ilyen rekl\u00e1moz\u00e1si c\u00e9l\u00fa kezel\u00e9se ellen. Ez vonatkozik a profilalkot\u00e1sra is, amennyiben az ilyen k\u00f6zvetlen rekl\u00e1moz\u00e1shoz kapcsol\u00f3dik. Tiltakoz\u00e1sa eset\u00e9n szem\u00e9lyes adatait a tov\u00e1bbiakban m\u00e1r nem haszn\u00e1lj\u00e1k fel k\u00f6zvetlen rekl\u00e1moz\u00e1si c\u00e9lokra.<\/p>\n<h3>A panasz beny\u00fajt\u00e1s\u00e1nak joga az illet\u00e9kes fel\u00fcgyeleti hat\u00f3s\u00e1ghoz<\/h3>\n<p>A GDPR megs\u00e9rt\u00e9se eset\u00e9n az \u00e9rintettek jogosultak panaszt beny\u00fajtani egy fel\u00fcgyeleti hat\u00f3s\u00e1ghoz, k\u00fcl\u00f6n\u00f6sen abban a tag\u00e1llamban, ahol szok\u00e1sos tart\u00f3zkod\u00e1si hely\u00fck vagy munkahely\u00fck van, illetve ahol az \u00e1ll\u00edt\u00f3lagos jogs\u00e9rt\u00e9s t\u00f6rt\u00e9nt. A panasz beny\u00fajt\u00e1s\u00e1ra vonatkoz\u00f3 jog f\u00fcggetlen\u00fcl \u00e9rv\u00e9nyes minden egy\u00e9b, jogorvoslatk\u00e9nt rendelkez\u00e9sre \u00e1ll\u00f3 k\u00f6zigazgat\u00e1si vagy b\u00edr\u00f3s\u00e1gi elj\u00e1r\u00e1st\u00f3l.<\/p>\n<h3>Az adatok hordozhat\u00f3s\u00e1g\u00e1hoz val\u00f3 jog<\/h3>\n<p>\u00d6nnek joga van azt k\u00e9rni, hogy az \u00d6n hozz\u00e1j\u00e1rul\u00e1sa alapj\u00e1n vagy szerz\u0151d\u00e9s teljes\u00edt\u00e9se \u00e9rdek\u00e9ben automatikusan feldolgozott adatokat \u00e1ltal\u00e1nosan haszn\u00e1lt, g\u00e9ppel olvashat\u00f3 form\u00e1tumban adjuk \u00e1t \u00d6nnek vagy egy harmadik f\u00e9lnek. Amennyiben az adatok k\u00f6zvetlen \u00e1tad\u00e1s\u00e1t k\u00e9ri egy m\u00e1sik adatkezel\u0151 r\u00e9sz\u00e9re, ezt csak akkor hajtjuk v\u00e9gre, ha az technikailag megval\u00f3s\u00edthat\u00f3.<\/p>\n<h3>SSL \u00e9s\/vagy TLS titkos\u00edt\u00e1s<\/h3>\n<p>Biztons\u00e1gi okokb\u00f3l, valamint a weboldal \u00fczemeltet\u0151jek\u00e9nt hozz\u00e1nk beny\u00fajtott bizalmas tartalmak \u2013 p\u00e9ld\u00e1ul megrendel\u00e9sek vagy \u00e9rdekl\u0151d\u00e9sek \u2013 \u00e1tvitel\u00e9nek v\u00e9delme \u00e9rdek\u00e9ben ez a weboldal SSL- vagy TLS-titkos\u00edt\u00e1st alkalmaz. A titkos\u00edtott kapcsolatot \u00fagy ismerheti fel, hogy ellen\u0151rzi, vajon a b\u00f6ng\u00e9sz\u0151 c\u00edmsor\u00e1ban a \u201chttp:\/\/\u201d helyett \u201chttps:\/\/\u201d jelenik-e meg, valamint a b\u00f6ng\u00e9sz\u0151 c\u00edmsor\u00e1ban megjelen\u0151 lakat ikon alapj\u00e1n.<\/p>\n<p>Ha az SSL- vagy TLS-titkos\u00edt\u00e1s be van kapcsolva, a hozz\u00e1nk tov\u00e1bb\u00edtott adatait harmadik felek nem tudj\u00e1k elolvasni.<\/p>\n<h3>Az adatokkal kapcsolatos t\u00e1j\u00e9koztat\u00e1s, helyesb\u00edt\u00e9s \u00e9s t\u00f6rl\u00e9s<\/h3>\n<p>Az alkalmazand\u00f3 jogszab\u00e1lyi rendelkez\u00e9sek keretein bel\u00fcl \u00d6nnek joga van b\u00e1rmikor t\u00e1j\u00e9koztat\u00e1st k\u00e9rni az \u00d6nr\u0151l archiv\u00e1lt szem\u00e9lyes adatokr\u00f3l, azok forr\u00e1s\u00e1r\u00f3l \u00e9s c\u00edmzettjeir\u0151l, valamint az adatok feldolgoz\u00e1s\u00e1nak c\u00e9lj\u00e1r\u00f3l. \u00d6nnek joga lehet tov\u00e1bb\u00e1 az adatok helyesb\u00edt\u00e9s\u00e9re vagy t\u00f6rl\u00e9s\u00e9re is. Ha k\u00e9rd\u00e9sei vannak ezzel a t\u00e9m\u00e1val kapcsolatban, vagy b\u00e1rmilyen m\u00e1s, a szem\u00e9lyes adatokkal kapcsolatos k\u00e9rd\u00e9se van, k\u00e9rj\u00fck, b\u00e1tran forduljon hozz\u00e1nk b\u00e1rmikor a \u201cT\u00f6rv\u00e9ny \u00e1ltal el\u0151\u00edrt t\u00e1j\u00e9koztat\u00e1s\u201d c\u00edm\u0171 r\u00e9szben megadott c\u00edmen.\u201d<\/p>\n<h3>Az adatkezel\u00e9s korl\u00e1toz\u00e1s\u00e1nak ig\u00e9nyl\u00e9s\u00e9hez val\u00f3 jog<\/h3>\n<p>\u00d6nnek joga van az adatai kezel\u00e9s\u00e9nek korl\u00e1toz\u00e1s\u00e1t k\u00e9rni. Ehhez b\u00e1rmikor felveheti vel\u00fcnk a kapcsolatot a \u201cT\u00f6rv\u00e9ny \u00e1ltal el\u0151\u00edrt inform\u00e1ci\u00f3k\u201d c\u00edm\u0171 szakaszban megadott c\u00edmen. Az adatkezel\u00e9s korl\u00e1toz\u00e1s\u00e1nak k\u00e9r\u00e9se az al\u00e1bbi esetekben \u00e9rv\u00e9nyes:<\/p>\n<ul>\n<li>Amennyiben vitatja az \u00e1ltalunk t\u00e1rolt adatai helyess\u00e9g\u00e9t, \u00e1ltal\u00e1ban sz\u00fcks\u00e9g\u00fcnk lesz egy kis id\u0151re az \u00e1ll\u00edt\u00e1s ellen\u0151rz\u00e9s\u00e9hez. A vizsg\u00e1lat ideje alatt joga van k\u00e9rni, hogy korl\u00e1tozzuk szem\u00e9lyes adatainak feldolgoz\u00e1s\u00e1t.<\/li>\n<li>Amennyiben szem\u00e9lyes adatainak feldolgoz\u00e1sa jogellenesen t\u00f6rt\u00e9nt vagy t\u00f6rt\u00e9nik, lehet\u0151s\u00e9ge van arra, hogy az adatok t\u00f6rl\u00e9se helyett azok feldolgoz\u00e1s\u00e1nak korl\u00e1toz\u00e1s\u00e1t k\u00e9rje.<\/li>\n<li>Amennyiben m\u00e1r nincs sz\u00fcks\u00e9g\u00fcnk az \u00d6n szem\u00e9lyes adataira, \u00d6nnek azonban azok sz\u00fcks\u00e9gesek jogi jogosults\u00e1gainak gyakorl\u00e1s\u00e1hoz, v\u00e9delm\u00e9hez vagy \u00e9rv\u00e9nyes\u00edt\u00e9s\u00e9hez, joga van az adatok t\u00f6rl\u00e9se helyett azok feldolgoz\u00e1s\u00e1nak korl\u00e1toz\u00e1s\u00e1t k\u00e9rni.<\/li>\n<li>Amennyiben a GDPR 21. cikk (1) bekezd\u00e9se alapj\u00e1n kifog\u00e1st emelt, az \u00d6n jogait \u00e9s a mi jogainkat egym\u00e1ssal szemben m\u00e9rlegelni kell. Am\u00edg nem d\u0151lt el, hogy kinek az \u00e9rdekei \u00e9lveznek els\u0151bbs\u00e9get, \u00d6nnek joga van k\u00e9rni szem\u00e9lyes adatai feldolgoz\u00e1s\u00e1nak korl\u00e1toz\u00e1s\u00e1t.<\/li>\n<\/ul>\n<p>Amennyiben korl\u00e1tozta szem\u00e9lyes adatai feldolgoz\u00e1s\u00e1t, ezeket az adatokat \u2013 az archiv\u00e1l\u00e1s kiv\u00e9tel\u00e9vel \u2013 kiz\u00e1r\u00f3lag az \u00d6n hozz\u00e1j\u00e1rul\u00e1s\u00e1val, illetve jogi jogosults\u00e1gok \u00e9rv\u00e9nyes\u00edt\u00e9se, gyakorl\u00e1sa vagy v\u00e9delme c\u00e9lj\u00e1b\u00f3l, m\u00e1s term\u00e9szetes vagy jogi szem\u00e9lyek jogainak v\u00e9delme \u00e9rdek\u00e9ben, vagy az Eur\u00f3pai Uni\u00f3 vagy az EU valamely tag\u00e1llama \u00e1ltal hivatkozott fontos k\u00f6z\u00e9rdekb\u0151l lehet feldolgozni.<\/p>\n<h3>A k\u00e9retlen e-mailek elutas\u00edt\u00e1sa<\/h3>\n<p>Ez\u00faton tiltakozunk az ellen, hogy a \u201cT\u00f6rv\u00e9ny \u00e1ltal el\u0151\u00edrt inform\u00e1ci\u00f3k\u201d c\u00edm\u0171 szakaszban megadand\u00f3 k\u00f6telez\u0151 adatokkal egy\u00fctt k\u00f6zz\u00e9tett el\u00e9rhet\u0151s\u00e9gi adatainkat olyan prom\u00f3ci\u00f3s \u00e9s t\u00e1j\u00e9koztat\u00f3 anyagok elk\u00fcld\u00e9s\u00e9re haszn\u00e1lj\u00e1k fel, amelyeket nem k\u00e9rt\u00fcnk kifejezetten. A weboldal \u00e9s az azon tal\u00e1lhat\u00f3 oldalak \u00fczemeltet\u0151i kifejezetten fenntartj\u00e1k maguknak a jogot, hogy<\/p>\n<h2>4. Adatok r\u00f6gz\u00edt\u00e9se ezen a weboldalon<\/h2>\n<h3>S\u00fctik<\/h3>\n<p>Weboldalaink \u00e9s oldalaink az ipar\u00e1gban \u201ccookie-knak\u201d nevezett elemeket haszn\u00e1lnak. A cookie-k kis sz\u00f6veges f\u00e1jlok, amelyek nem okoznak k\u00e1rt az \u00d6n eszk\u00f6z\u00e9n. Ezeket vagy ideiglenesen, a munkamenet idej\u00e9re t\u00e1rolj\u00e1k (munkamenet-cookie-k), vagy tart\u00f3san archiv\u00e1lj\u00e1k az \u00d6n eszk\u00f6z\u00e9n (\u00e1lland\u00f3 cookie-k). A munkamenet-cookie-k automatikusan t\u00f6rl\u0151dnek, amint befejezi a l\u00e1togat\u00e1s\u00e1t. Az \u00e1lland\u00f3 cookie-k addig maradnak t\u00e1rolva az \u00d6n k\u00e9sz\u00fcl\u00e9k\u00e9n, am\u00edg \u00d6n azokat akt\u00edvan nem t\u00f6rli, vagy am\u00edg a b\u00f6ng\u00e9sz\u0151je azokat automatikusan nem t\u00e1vol\u00edtja el.<\/p>\n<p>Bizonyos esetekben el\u0151fordulhat, hogy harmadik felek cookie-jai ker\u00fclnek t\u00e1rol\u00e1sra az \u00d6n eszk\u00f6z\u00e9n, amint bel\u00e9p a weboldalunkra (harmadik felek cookie-jai). Ezek a cookie-k lehet\u0151v\u00e9 teszik \u00d6nnek vagy nek\u00fcnk, hogy kihaszn\u00e1ljuk a harmadik f\u00e9l \u00e1ltal k\u00edn\u00e1lt bizonyos szolg\u00e1ltat\u00e1sokat.<\/p>\n<p>A cookie-k sz\u00e1mos funkci\u00f3val rendelkeznek. Sok cookie m\u0171szakilag elengedhetetlen, mivel bizonyos weboldali funkci\u00f3k ezek n\u00e9lk\u00fcl nem m\u0171k\u00f6dn\u00e9nek. M\u00e1s cookie-k c\u00e9lja lehet a felhaszn\u00e1l\u00f3i viselked\u00e9s elemz\u00e9se vagy prom\u00f3ci\u00f3s \u00fczenetek megjelen\u00edt\u00e9se.<\/p>\n<p>Azok a cookie-k, amelyek az elektronikus kommunik\u00e1ci\u00f3s tranzakci\u00f3k lebonyol\u00edt\u00e1s\u00e1hoz, az \u00d6n \u00e1ltal ig\u00e9nybe venni k\u00edv\u00e1nt bizonyos funkci\u00f3k biztos\u00edt\u00e1s\u00e1hoz, illetve a weboldal optimaliz\u00e1l\u00e1s\u00e1hoz sz\u00fcks\u00e9gesek, a GDPR 6. cikk (1) bekezd\u00e9s f) pontja alapj\u00e1n ker\u00fclnek t\u00e1rol\u00e1sra, amennyiben m\u00e1s jogalap nem ker\u00fcl megjel\u00f6l\u00e9sre. A weboldal \u00fczemeltet\u0151j\u00e9nek jogos \u00e9rdeke f\u0171z\u0151dik a cookie-k t\u00e1rol\u00e1s\u00e1hoz, hogy biztos\u00edtsa szolg\u00e1ltat\u00e1sai m\u0171szakilag hibamentes \u00e9s optimaliz\u00e1lt ny\u00fajt\u00e1s\u00e1t. Amennyiben a cookie-k t\u00e1rol\u00e1s\u00e1hoz az \u00d6n hozz\u00e1j\u00e1rul\u00e1s\u00e1t k\u00e9rt\u00e9k, az adott cookie-k kiz\u00e1r\u00f3lag a megszerzett hozz\u00e1j\u00e1rul\u00e1s alapj\u00e1n ker\u00fclnek t\u00e1rol\u00e1sra; ezt a hozz\u00e1j\u00e1rul\u00e1st b\u00e1rmikor visszavonhatja.<\/p>\n<p>Lehet\u0151s\u00e9ge van \u00fagy be\u00e1ll\u00edtani a b\u00f6ng\u00e9sz\u0151j\u00e9t, hogy \u00e9rtes\u00edt\u00e9st kapjon minden alkalommal, amikor cookie-kat helyeznek el, \u00e9s csak bizonyos esetekben enged\u00e9lyezze a cookie-k elfogad\u00e1s\u00e1t. Emellett bizonyos esetekben vagy \u00e1ltal\u00e1noss\u00e1gban letilthatja a cookie-k elfogad\u00e1s\u00e1t, illetve bekapcsolhatja a cookie-k automatikus t\u00f6rl\u00e9si funkci\u00f3j\u00e1t a b\u00f6ng\u00e9sz\u0151 bez\u00e1r\u00e1sakor. A cookie-k letilt\u00e1sa eset\u00e9n a weboldal funkci\u00f3i korl\u00e1tozottak lehetnek.<\/p>\n<p>Amennyiben harmadik felek cookie-jait haszn\u00e1ljuk, vagy amennyiben a cookie-kat elemz\u00e9si c\u00e9lokra haszn\u00e1ljuk, err\u0151l a jelen Adatv\u00e9delmi ir\u00e1nyelv keret\u00e9ben k\u00fcl\u00f6n \u00e9rtes\u00edtj\u00fck \u00d6nt, \u00e9s adott esetben megk\u00e9rj\u00fck az \u00d6n hozz\u00e1j\u00e1rul\u00e1s\u00e1t.<\/p>\n<h3>Szerver napl\u00f3f\u00e1jlok<\/h3>\n<p>A weboldal \u00e9s az azon tal\u00e1lhat\u00f3 oldalak \u00fczemeltet\u0151je automatikusan gy\u0171jti \u00e9s t\u00e1rolja az \u00fagynevezett szerver-napl\u00f3f\u00e1jlokban azokat az adatokat, amelyeket a b\u00f6ng\u00e9sz\u0151je automatikusan tov\u00e1bb\u00edt nek\u00fcnk. Ezek az adatok a k\u00f6vetkez\u0151k:<\/p>\n<ul>\n<li>A haszn\u00e1lt b\u00f6ng\u00e9sz\u0151 t\u00edpusa \u00e9s verzi\u00f3ja<\/li>\n<li>A haszn\u00e1lt oper\u00e1ci\u00f3s rendszer<\/li>\n<li>Hivatkoz\u00f3 URL<\/li>\n<li>A hozz\u00e1f\u00e9r\u0151 sz\u00e1m\u00edt\u00f3g\u00e9p hosztneve<\/li>\n<li>A szerver lek\u00e9rdez\u00e9s\u00e9nek id\u0151pontja<\/li>\n<li>Az IP-c\u00edm<\/li>\n<\/ul>\n<p>Ezeket az adatokat nem egyes\u00edtik m\u00e1s adatforr\u00e1sokkal.<\/p>\n<p>Ezen adatok r\u00f6gz\u00edt\u00e9se a GDPR 6. cikke (1) bekezd\u00e9s\u00e9nek f) pontja alapj\u00e1n t\u00f6rt\u00e9nik. A weboldal \u00fczemeltet\u0151j\u00e9nek jogos \u00e9rdeke f\u0171z\u0151dik ahhoz, hogy weboldala m\u0171szakilag hibamentesen jelenjen meg, valamint hogy azt optimaliz\u00e1lja. Ennek el\u00e9r\u00e9se \u00e9rdek\u00e9ben sz\u00fcks\u00e9ges a szerver napl\u00f3f\u00e1jlok r\u00f6gz\u00edt\u00e9se.<\/p>\n<h3>Kapcsolatfelv\u00e9teli \u0171rlap<\/h3>\n<p>Amennyiben a kapcsolatfelv\u00e9teli \u0171rlapon kereszt\u00fcl k\u00fcld nek\u00fcnk k\u00e9rd\u00e9st, az \u0171rlapon megadott adatokat, valamint az ott szerepl\u0151 el\u00e9rhet\u0151s\u00e9gi adatokat t\u00e1roljuk az \u00d6n k\u00e9rd\u00e9s\u00e9nek feldolgoz\u00e1sa c\u00e9lj\u00e1b\u00f3l, valamint arra az esetre, ha tov\u00e1bbi k\u00e9rd\u00e9seink lenn\u00e9nek. Ezen adatokat az \u00d6n hozz\u00e1j\u00e1rul\u00e1sa n\u00e9lk\u00fcl nem adjuk tov\u00e1bb.<\/p>\n<p>Ezen adatok feldolgoz\u00e1sa a GDPR 6. cikke (1) bekezd\u00e9s\u00e9nek b) pontj\u00e1n alapul, amennyiben k\u00e9r\u00e9sed szerz\u0151d\u00e9s teljes\u00edt\u00e9s\u00e9hez kapcsol\u00f3dik, vagy amennyiben az sz\u00fcks\u00e9ges a szerz\u0151d\u00e9sk\u00f6t\u00e9st megel\u0151z\u0151 int\u00e9zked\u00e9sek v\u00e9grehajt\u00e1s\u00e1hoz. Minden egy\u00e9b esetben az adatkezel\u00e9s a hozz\u00e1nk \u00e9rkez\u0151 k\u00e9relmek hat\u00e9kony feldolgoz\u00e1sa ir\u00e1nti jogos \u00e9rdek\u00fcnk\u00f6n alapul, vagy az \u00d6n hozz\u00e1j\u00e1rul\u00e1s\u00e1n, amennyiben azt k\u00e9rt\u00fck.<\/p>\n<p>A kapcsolatfelv\u00e9teli \u0171rlapon megadott adatait mindaddig meg\u0151rizz\u00fck, am\u00edg \u00d6n nem k\u00e9ri azok t\u00f6rl\u00e9s\u00e9t, vissza nem vonja az adatok t\u00e1rol\u00e1s\u00e1hoz adott hozz\u00e1j\u00e1rul\u00e1s\u00e1t, vagy am\u00edg az adatok t\u00e1rol\u00e1s\u00e1nak c\u00e9lja m\u00e1r nem \u00e1ll fenn. Ez nem \u00e9rinti a k\u00f6telez\u0151 jogi rendelkez\u00e9seket \u2013 k\u00fcl\u00f6n\u00f6sen a meg\u0151rz\u00e9si id\u0151ket.<\/p>\n<h3>K\u00e9relem e-mailben, telefonon vagy faxon<\/h3>\n<p>Amennyiben e-mailben, telefonon vagy faxon l\u00e9p kapcsolatba vel\u00fcnk, k\u00e9r\u00e9s\u00e9t \u2013 bele\u00e9rtve az azzal kapcsolatos \u00f6sszes szem\u00e9lyes adatot (n\u00e9v, k\u00e9r\u00e9s) \u2013 a k\u00e9r\u00e9s feldolgoz\u00e1sa c\u00e9lj\u00e1b\u00f3l t\u00e1roljuk \u00e9s kezelj\u00fck. Ezen adatokat az \u00d6n hozz\u00e1j\u00e1rul\u00e1sa n\u00e9lk\u00fcl nem adjuk tov\u00e1bb.<\/p>\n<p>Ezeket az adatokat a GDPR 6. cikke (1) bekezd\u00e9s\u00e9nek b) pontja alapj\u00e1n kezelj\u00fck, amennyiben az \u00d6n megkeres\u00e9se szerz\u0151d\u00e9s teljes\u00edt\u00e9s\u00e9hez kapcsol\u00f3dik, vagy a szerz\u0151d\u00e9sk\u00f6t\u00e9st megel\u0151z\u0151 int\u00e9zked\u00e9sek v\u00e9grehajt\u00e1s\u00e1hoz sz\u00fcks\u00e9ges. Minden egy\u00e9b esetben az adatok feldolgoz\u00e1sa a hozz\u00e1nk be\u00e9rkez\u0151 megkeres\u00e9sek hat\u00e9kony kezel\u00e9s\u00e9hez f\u0171z\u0151d\u0151 jogos \u00e9rdek\u00fcnk alapj\u00e1n, illetve \u2013 amennyiben azt megkaptuk \u2013 az \u00d6n hozz\u00e1j\u00e1rul\u00e1sa alapj\u00e1n t\u00f6rt\u00e9nik.<\/p>\n<p>Az \u00d6n \u00e1ltal a kapcsolatfelv\u00e9teli k\u00e9r\u00e9sek \u00fatj\u00e1n nek\u00fcnk elk\u00fcld\u00f6tt adatok addig maradnak n\u00e1lunk, am\u00edg \u00d6n azok t\u00f6rl\u00e9s\u00e9t nem k\u00e9ri, a t\u00e1rol\u00e1shoz adott hozz\u00e1j\u00e1rul\u00e1s\u00e1t vissza nem vonja, vagy az adatt\u00e1rol\u00e1s c\u00e9lja megsz\u0171nik. A k\u00f6telez\u0151 jogszab\u00e1lyi rendelkez\u00e9sek \u2013 k\u00fcl\u00f6n\u00f6sen a t\u00f6rv\u00e9nyben el\u0151\u00edrt meg\u0151rz\u00e9si id\u0151k \u2013 ez al\u00f3l kiv\u00e9telt k\u00e9peznek.<\/p>\n<h3>Regisztr\u00e1ci\u00f3 ezen a weboldalon<\/h3>\n<p>Lehet\u0151s\u00e9ge van regisztr\u00e1lni ezen a weboldalon, hogy a weboldal tov\u00e1bbi funkci\u00f3it is ig\u00e9nybe vehesse. Az \u00d6n \u00e1ltal megadott adatokat kiz\u00e1r\u00f3lag az \u00d6n \u00e1ltal v\u00e1lasztott szolg\u00e1ltat\u00e1s ig\u00e9nybev\u00e9tel\u00e9hez haszn\u00e1ljuk fel. A regisztr\u00e1ci\u00f3 sor\u00e1n k\u00e9rt k\u00f6telez\u0151 adatokat teljes k\u00f6r\u0171en meg kell adnia. Ellenkez\u0151 esetben a regisztr\u00e1ci\u00f3t elutas\u00edtjuk.<\/p>\n<p>A term\u00e9kv\u00e1laszt\u00e9kunkban bek\u00f6vetkez\u0151 fontos v\u00e1ltoz\u00e1sokr\u00f3l, illetve m\u0171szaki m\u00f3dos\u00edt\u00e1sok eset\u00e9n a regisztr\u00e1ci\u00f3 sor\u00e1n megadott e-mail-c\u00edmet fogjuk haszn\u00e1lni az \u00e9rtes\u00edt\u00e9sre.<\/p>\n<p>A regisztr\u00e1ci\u00f3 sor\u00e1n megadott adatokat az \u00d6n hozz\u00e1j\u00e1rul\u00e1sa alapj\u00e1n kezelj\u00fck (a GDPR 6. cikke (1) bekezd\u00e9s\u00e9nek a) pontja).<\/p>\n<p>A regisztr\u00e1ci\u00f3 sor\u00e1n r\u00f6gz\u00edtett adatokat mindaddig t\u00e1roljuk, am\u00edg \u00d6n regisztr\u00e1lt felhaszn\u00e1l\u00f3k\u00e9nt szerepel ezen a weboldalon. Ezt k\u00f6vet\u0151en az adatokat t\u00f6r\u00f6lj\u00fck. Ez nem \u00e9rinti a t\u00f6rv\u00e9nyben el\u0151\u00edrt k\u00f6telez\u0151 adatmeg\u0151rz\u00e9si k\u00f6telezetts\u00e9geket.<\/p>\n<h2>5. K\u00f6z\u00f6ss\u00e9gi m\u00e9dia<\/h2>\n<h3>K\u00f6z\u00f6ss\u00e9gi m\u00e9dia-b\u0151v\u00edtm\u00e9nyek<\/h3>\n<p>Ezen a weboldalon \u00e9s az annak r\u00e9szeihez tartoz\u00f3 oldalakon k\u00f6z\u00f6ss\u00e9gi m\u00e9dia-h\u00e1l\u00f3zatok b\u0151v\u00edtm\u00e9nyeit haszn\u00e1ljuk (pl. Facebook, Twitter, Instagram, Pinterest, XING, LinkedIn, Tumblr).<\/p>\n<p>\u00c1ltal\u00e1ban ezeket a b\u0151v\u00edtm\u00e9nyeket a megjelen\u0151 megfelel\u0151 k\u00f6z\u00f6ss\u00e9gi m\u00e9dia log\u00f3k alapj\u00e1n lehet felismerni. A weboldalon tal\u00e1lhat\u00f3 adatok v\u00e9delm\u00e9nek biztos\u00edt\u00e1sa \u00e9rdek\u00e9ben ezeket a b\u0151v\u00edtm\u00e9nyeket kiz\u00e1r\u00f3lag az \u00fagynevezett \u201cShariff\u201d megold\u00e1ssal egy\u00fctt haszn\u00e1ljuk. Ez az alkalmaz\u00e1s megakad\u00e1lyozza, hogy a weboldalba integr\u00e1lt b\u0151v\u00edtm\u00e9nyek adatokat tov\u00e1bb\u00edtsanak a megfelel\u0151 szolg\u00e1ltat\u00f3knak, amint bel\u00e9p a weboldalunkra.<\/p>\n<p>A szolg\u00e1ltat\u00f3 szerver\u00e9hez csak akkor j\u00f6n l\u00e9tre k\u00f6zvetlen kapcsolat, ha \u00d6n a megfelel\u0151 gombra kattintva aktiv\u00e1lja az adott b\u0151v\u00edtm\u00e9nyt. Amint aktiv\u00e1lja a b\u0151v\u00edtm\u00e9nyt, az adott szolg\u00e1ltat\u00f3 \u00e9rtes\u00edt\u00e9st kap arr\u00f3l, hogy \u00d6n az IP-c\u00edm\u00e9vel felkereste ezt a weboldalt. Ha egyidej\u0171leg be van jelentkezve a megfelel\u0151 k\u00f6z\u00f6ss\u00e9gi m\u00e9dia fi\u00f3kj\u00e1ba, a szolg\u00e1ltat\u00f3 k\u00e9pes lesz a weboldalra tett l\u00e1togat\u00e1s\u00e1t a felhaszn\u00e1l\u00f3i fi\u00f3kj\u00e1hoz rendelni.<\/p>\n<p>A b\u0151v\u00edtm\u00e9ny aktiv\u00e1l\u00e1sa a GDPR 6. cikke (1) bekezd\u00e9s\u00e9nek a) pontj\u00e1ban meghat\u00e1rozott hozz\u00e1j\u00e1rul\u00e1si nyilatkozatnak min\u0151s\u00fcl. \u00d6nnek lehet\u0151s\u00e9ge van ezt a hozz\u00e1j\u00e1rul\u00e1st b\u00e1rmikor visszavonni, ami minden j\u00f6v\u0151beli m\u0171veletre hat\u00e1ssal lesz.<\/p>\n<h3>Twitter-b\u0151v\u00edtm\u00e9ny<\/h3>\n<p>Ezen a weboldalon integr\u00e1ltuk a Twitter k\u00f6z\u00f6ss\u00e9gi m\u00e9diaplatform funkci\u00f3it. Ezeket a funkci\u00f3kat a Twitter Inc. (1355 Market Street, Suite 900, San Francisco, CA 94103, USA) biztos\u00edtja. Amikor \u00d6n a Twittert \u00e9s a \u201cRe-Tweet\u201d funkci\u00f3t haszn\u00e1lja, az \u00d6n \u00e1ltal felkeresett weboldalak \u00f6sszekapcsol\u00f3dnak a Twitter-fi\u00f3kj\u00e1val, \u00e9s m\u00e1s felhaszn\u00e1l\u00f3k sz\u00e1m\u00e1ra is l\u00e1that\u00f3v\u00e1 v\u00e1lnak. Ez a folyamat sor\u00e1n adatok is tov\u00e1bb\u00edt\u00e1sra ker\u00fclnek a Twitter fel\u00e9.<\/p>\n<p>Hangs\u00falyoznunk kell, hogy mi, a weboldal \u00e9s az azon tal\u00e1lhat\u00f3 oldalak \u00fczemeltet\u0151i, semmilyen inform\u00e1ci\u00f3val nem rendelkez\u00fcnk az \u00e1tvitt adatok tartalm\u00e1r\u00f3l, illetve arr\u00f3l, hogy a Twitter hogyan haszn\u00e1lja fel ezeket az inform\u00e1ci\u00f3kat.<\/p>\n<p>A Twitter-b\u0151v\u00edtm\u00e9nyek haszn\u00e1lata a GDPR 6. cikk (1) bekezd\u00e9s f) pontj\u00e1n alapul. A weboldal \u00fczemeltet\u0151j\u00e9nek jogos \u00e9rdeke, hogy a k\u00f6z\u00f6ss\u00e9gi m\u00e9di\u00e1ban a lehet\u0151 legnagyobb l\u00e1that\u00f3s\u00e1got \u00e9rje el. Amennyiben a vonatkoz\u00f3 hozz\u00e1j\u00e1rul\u00e1si nyilatkozatot megkapt\u00e1k, az adatok feldolgoz\u00e1sa kiz\u00e1r\u00f3lag a GDPR 6. cikke (1) bekezd\u00e9s\u00e9nek a) pontja alapj\u00e1n t\u00f6rt\u00e9nik. Ez a hozz\u00e1j\u00e1rul\u00e1si nyilatkozat b\u00e1rmikor visszavonhat\u00f3.<\/p>\n<p>A Twitteren a fi\u00f3kbe\u00e1ll\u00edt\u00e1sok k\u00f6z\u00f6tt lehet\u0151s\u00e9ged van az adatv\u00e9delmi be\u00e1ll\u00edt\u00e1sok vissza\u00e1ll\u00edt\u00e1s\u00e1ra.<\/p>\n<h2>6. Elemz\u0151 eszk\u00f6z\u00f6k \u00e9s rekl\u00e1m<\/h2>\n<h3>Google Analytics<\/h3>\n<p>Ez a weboldal a Google Analytics webelemz\u0151 szolg\u00e1ltat\u00e1s funkci\u00f3it haszn\u00e1lja. A szolg\u00e1ltat\u00e1s szolg\u00e1ltat\u00f3ja a Google Ireland Limited (Gordon House, Barrow Street, Dublin 4, \u00cdrorsz\u00e1g).<\/p>\n<p>A Google Analytics lehet\u0151v\u00e9 teszi a webhely \u00fczemeltet\u0151j\u00e9nek, hogy elemezze a webhely l\u00e1togat\u00f3inak viselked\u00e9si mint\u00e1it. Ennek \u00e9rdek\u00e9ben a webhely \u00fczemeltet\u0151je k\u00fcl\u00f6nf\u00e9le felhaszn\u00e1l\u00f3i adatokat kap, p\u00e9ld\u00e1ul a megtekintett oldalakr\u00f3l, az oldalon t\u00f6lt\u00f6tt id\u0151r\u0151l, a haszn\u00e1lt oper\u00e1ci\u00f3s rendszerr\u0151l \u00e9s a felhaszn\u00e1l\u00f3 sz\u00e1rmaz\u00e1si hely\u00e9r\u0151l. A Google ezeket az adatokat egy olyan profilba \u00f6sszevonhatja, amelyet az adott felhaszn\u00e1l\u00f3hoz vagy annak eszk\u00f6z\u00e9hez rendel.<\/p>\n<p>A Google Analytics olyan technol\u00f3gi\u00e1kat alkalmaz, amelyek lehet\u0151v\u00e9 teszik a felhaszn\u00e1l\u00f3 azonos\u00edt\u00e1s\u00e1t a felhaszn\u00e1l\u00f3i viselked\u00e9si mint\u00e1k elemz\u00e9se c\u00e9lj\u00e1b\u00f3l. A weboldal haszn\u00e1lat\u00e1val kapcsolatos, a Google \u00e1ltal r\u00f6gz\u00edtett adatok \u00e1ltal\u00e1ban az Egyes\u00fclt \u00c1llamokban tal\u00e1lhat\u00f3 Google-szerverre ker\u00fclnek tov\u00e1bb\u00edt\u00e1sra, ahol t\u00e1rol\u00e1sra ker\u00fclnek.<\/p>\n<p>Ezt az elemz\u0151 eszk\u00f6zt a GDPR 6. cikke (1) bekezd\u00e9s\u00e9nek f) pontja alapj\u00e1n haszn\u00e1ljuk. A weboldal \u00fczemeltet\u0151j\u00e9nek jogos \u00e9rdeke f\u0171z\u0151dik a felhaszn\u00e1l\u00f3i viselked\u00e9smint\u00e1k elemz\u00e9s\u00e9hez, hogy optimaliz\u00e1lhassa mind az online k\u00edn\u00e1lt szolg\u00e1ltat\u00e1sokat, mind saj\u00e1t hirdet\u00e9si tev\u00e9kenys\u00e9geit. Amennyiben erre vonatkoz\u00f3 hozz\u00e1j\u00e1rul\u00e1st k\u00e9rtek, az adatkezel\u00e9s kiz\u00e1r\u00f3lag a GDPR 6. cikke (1) bekezd\u00e9s\u00e9nek a) pontja alapj\u00e1n t\u00f6rt\u00e9nik. A hozz\u00e1j\u00e1rul\u00e1s b\u00e1rmikor visszavonhat\u00f3.<\/p>\n<h3>IP-c\u00edmek anonimiz\u00e1l\u00e1sa<\/h3>\n<p>Ezen a weboldalon aktiv\u00e1ltuk az IP-c\u00edm anonimiz\u00e1l\u00e1si funkci\u00f3t. Ennek eredm\u00e9nyek\u00e9nt az \u00d6n IP-c\u00edm\u00e9t a Google az Eur\u00f3pai Uni\u00f3 tag\u00e1llamaiban, illetve az Eur\u00f3pai Gazdas\u00e1gi T\u00e9rs\u00e9gr\u0151l sz\u00f3l\u00f3 Egyezm\u00e9nyt ratifik\u00e1l\u00f3 egy\u00e9b \u00e1llamokban r\u00f6vid\u00edti meg, miel\u0151tt azt az Egyes\u00fclt \u00c1llamokba tov\u00e1bb\u00edtan\u00e1. A teljes IP-c\u00edmet a Google egyik amerikai szerver\u00e9re tov\u00e1bb\u00edtjuk, \u00e9s ott csak kiv\u00e9teles esetekben r\u00f6vid\u00edtik le.<\/p>\n<p>A weboldal \u00fczemeltet\u0151je nev\u00e9ben a Google ezeket az inform\u00e1ci\u00f3kat felhaszn\u00e1lja a weboldal haszn\u00e1lat\u00e1nak elemz\u00e9s\u00e9re, a weboldalon zajl\u00f3 tev\u00e9kenys\u00e9gekr\u0151l sz\u00f3l\u00f3 jelent\u00e9sek k\u00e9sz\u00edt\u00e9s\u00e9re, valamint a weboldal \u00e9s az internet haszn\u00e1lat\u00e1val kapcsolatos egy\u00e9b szolg\u00e1ltat\u00e1sok ny\u00fajt\u00e1s\u00e1ra a weboldal \u00fczemeltet\u0151je sz\u00e1m\u00e1ra. A b\u00f6ng\u00e9sz\u0151j\u00e9b\u0151l a Google Analytics keret\u00e9ben tov\u00e1bb\u00edtott IP-c\u00edmet a Google nem egyes\u00edti a birtok\u00e1ban l\u00e9v\u0151 egy\u00e9b adatokkal.<\/p>\n<h3>B\u00f6ng\u00e9sz\u0151-b\u0151v\u00edtm\u00e9ny<\/h3>\n<p>Megakad\u00e1lyozhatja, hogy a Google r\u00f6gz\u00edtse \u00e9s feldolgozza az adatait, ha a hozz\u00e1j\u00e1rul\u00e1skezel\u0151ben kikapcsolja a marketingc\u00e9l\u00fa cookie-kat, vagy let\u00f6lt \u00e9s telep\u00edt egy b\u00f6ng\u00e9sz\u0151b\u0151v\u00edtm\u00e9nyt.<\/p>\n<h3>Adatfeldolgoz\u00e1s szerz\u0151d\u00e9s alapj\u00e1n<\/h3>\n<p>Szerz\u0151d\u00e9ses adatfeldolgoz\u00e1si meg\u00e1llapod\u00e1st k\u00f6t\u00f6tt\u00fcnk a Google-lal, \u00e9s a Google Analytics haszn\u00e1lata sor\u00e1n teljes m\u00e9rt\u00e9kben betartjuk a n\u00e9met adatv\u00e9delmi hat\u00f3s\u00e1gok szigor\u00fa el\u0151\u00edr\u00e1sait.<\/p>\n<h3>Archiv\u00e1l\u00e1si id\u0151szak<\/h3>\n<p>A Google \u00e1ltal t\u00e1rolt, a felhaszn\u00e1l\u00f3i vagy esem\u00e9nyszint\u0171 adatok \u2013 amelyek cookie-khoz, felhaszn\u00e1l\u00f3i azonos\u00edt\u00f3khoz vagy hirdet\u00e9si azonos\u00edt\u00f3khoz kapcsol\u00f3dnak \u2013 14 h\u00f3nap eltelt\u00e9vel n\u00e9vtelen\u00edtve vagy t\u00f6r\u00f6lve ker\u00fclnek.<\/p>\n<h2>7. H\u00edrlev\u00e9l<\/h2>\n<h3>H\u00edrlev\u00e9l-adatok<\/h3>\n<p>Amennyiben fel szeretne iratkozni a weboldalon k\u00edn\u00e1lt h\u00edrlev\u00e9lre, sz\u00fcks\u00e9g\u00fcnk lesz az \u00d6n e-mail-c\u00edm\u00e9re, valamint olyan inform\u00e1ci\u00f3kra, amelyek alapj\u00e1n ellen\u0151rizni tudjuk, hogy \u00d6n a megadott e-mail-c\u00edm tulajdonosa, \u00e9s hozz\u00e1j\u00e1rul a h\u00edrlev\u00e9l fogad\u00e1s\u00e1hoz. Tov\u00e1bbi adatokat nem gy\u0171jt\u00fcnk, illetve azokat kiz\u00e1r\u00f3lag \u00f6nk\u00e9ntes alapon gy\u0171jtj\u00fck. Ezeket az adatokat kiz\u00e1r\u00f3lag a k\u00e9rt inform\u00e1ci\u00f3k elk\u00fcld\u00e9s\u00e9re haszn\u00e1ljuk fel, \u00e9s azokat harmadik felekkel nem osztjuk meg.<\/p>\n<p>A h\u00edrlev\u00e9l-feliratkoz\u00e1si \u0171rlapon megadott adatok feldolgoz\u00e1sa kiz\u00e1r\u00f3lag az \u00d6n hozz\u00e1j\u00e1rul\u00e1sa alapj\u00e1n t\u00f6rt\u00e9nik (GDPR 6. cikk (1) bekezd\u00e9s a) pont). Az adatok t\u00e1rol\u00e1s\u00e1ra, az e-mail-c\u00edmre, valamint ezen inform\u00e1ci\u00f3k h\u00edrlev\u00e9l k\u00fcld\u00e9s\u00e9re t\u00f6rt\u00e9n\u0151 felhaszn\u00e1l\u00e1s\u00e1ra vonatkoz\u00f3 hozz\u00e1j\u00e1rul\u00e1s\u00e1t b\u00e1rmikor visszavonhatja, p\u00e9ld\u00e1ul a h\u00edrlev\u00e9lben tal\u00e1lhat\u00f3 \u201cLeiratkoz\u00e1s\u201d linkre kattintva. Ez nem \u00e9rinti a eddig v\u00e9grehajtott adatkezel\u00e9si m\u0171veletek jogszer\u0171s\u00e9g\u00e9t.<\/p>\n<p>A h\u00edrlev\u00e9lre val\u00f3 feliratkoz\u00e1s c\u00e9lj\u00e1b\u00f3l n\u00e1lunk megadott adatokat mindaddig t\u00e1roljuk, am\u00edg le nem iratkozik a h\u00edrlev\u00e9lr\u0151l vagy a h\u00edrlev\u00e9l-szolg\u00e1ltat\u00f3r\u00f3l, \u00e9s a h\u00edrlev\u00e9l-terjeszt\u00e9si list\u00e1b\u00f3l a leiratkoz\u00e1s ut\u00e1n t\u00f6r\u00f6lj\u00fck azokat. Az egy\u00e9b c\u00e9lokb\u00f3l n\u00e1lunk t\u00e1rolt adatokra ez nem vonatkozik.<\/p>\n<p>Miut\u00e1n leiratkozott a h\u00edrlev\u00e9l-terjeszt\u00e9si list\u00e1r\u00f3l, e-mail-c\u00edm\u00e9t mi vagy a h\u00edrlev\u00e9l-szolg\u00e1ltat\u00f3 feketelist\u00e1ra helyezhetj\u00fck a j\u00f6v\u0151beli levelez\u00e9sek megakad\u00e1lyoz\u00e1sa \u00e9rdek\u00e9ben. A feketelist\u00e1n szerepl\u0151 adatokat kiz\u00e1r\u00f3lag erre a c\u00e9lra haszn\u00e1ljuk fel, \u00e9s azokat nem egyes\u00edtj\u00fck m\u00e1s adatokkal. Ez mind az \u00d6n, mind a mi \u00e9rdek\u00fcnket szolg\u00e1lja a h\u00edrlevelek k\u00fcld\u00e9s\u00e9vel kapcsolatos jogi k\u00f6vetelm\u00e9nyek betart\u00e1sa tekintet\u00e9ben (jogszer\u0171 \u00e9rdek a GDPR 6. cikk (1) bekezd\u00e9s f) pontja \u00e9rtelm\u00e9ben). A feketelist\u00e1n val\u00f3 t\u00e1rol\u00e1s id\u0151tartama hat\u00e1rozatlan. Kifog\u00e1st emelhet a t\u00e1rol\u00e1s ellen, ha az \u00d6n \u00e9rdekei meghaladj\u00e1k a mi jogszer\u0171 \u00e9rdek\u00fcnket.<\/p>\n<h2>8. B\u0151v\u00edtm\u00e9nyek \u00e9s eszk\u00f6z\u00f6k<\/h2>\n<h3>YouTube<\/h3>\n<p>Ez a weboldal a YouTube weboldalr\u00f3l sz\u00e1rmaz\u00f3 vide\u00f3kat \u00e1gyaz be. A weboldal \u00fczemeltet\u0151je a Google Ireland Limited, sz\u00e9khelye: Gordon House, Barrow Street, Dublin 4, \u00cdrorsz\u00e1g.<\/p>\n<p>Ha megl\u00e1togat egy olyan oldalt ezen a weboldalon, amelybe YouTube-vide\u00f3 van be\u00e1gyazva, akkor kapcsolat j\u00f6n l\u00e9tre a YouTube szervereivel. Ennek k\u00f6vetkezt\u00e9ben a YouTube-szerver \u00e9rtes\u00edt\u00e9st kap arr\u00f3l, hogy weboldalunk melyik oldal\u00e1t l\u00e1togatta meg.<\/p>\n<p>Ezenk\u00edv\u00fcl a YouTube k\u00fcl\u00f6nf\u00e9le cookie-kat vagy hasonl\u00f3 azonos\u00edt\u00f3 technol\u00f3gi\u00e1kat helyezhet el az \u00d6n eszk\u00f6z\u00e9n. \u00cdgy a YouTube inform\u00e1ci\u00f3kat szerezhet a weboldal l\u00e1togat\u00f3ir\u00f3l. Ezeket az inform\u00e1ci\u00f3kat t\u00f6bbek k\u00f6z\u00f6tt vide\u00f3statisztik\u00e1k k\u00e9sz\u00edt\u00e9s\u00e9re, a weboldal felhaszn\u00e1l\u00f3bar\u00e1tabb\u00e1 t\u00e9tel\u00e9re, valamint a csal\u00e1si k\u00eds\u00e9rletek megakad\u00e1lyoz\u00e1s\u00e1ra haszn\u00e1lj\u00e1k fel.<\/p>\n<p>Ha a weboldalunk l\u00e1togat\u00e1sa k\u00f6zben be van jelentkezve a YouTube-fi\u00f3kj\u00e1ba, akkor lehet\u0151v\u00e9 teszi a YouTube sz\u00e1m\u00e1ra, hogy b\u00f6ng\u00e9sz\u00e9si szok\u00e1sait k\u00f6zvetlen\u00fcl a szem\u00e9lyes profilj\u00e1hoz rendelje. Ezt megakad\u00e1lyozhatja \u00fagy, hogy kijelentkezik a YouTube-fi\u00f3kj\u00e1b\u00f3l.<\/p>\n<p>A YouTube haszn\u00e1lata azon \u00e9rdek\u00fcnk\u00f6n alapul, hogy online tartalmainkat vonz\u00f3 m\u00f3don mutassuk be. A GDPR 6. cikke (1) bekezd\u00e9s\u00e9nek f) pontja \u00e9rtelm\u00e9ben ez jogos \u00e9rdeknek min\u0151s\u00fcl. Amennyiben a felhaszn\u00e1l\u00f3 ehhez hozz\u00e1j\u00e1rul\u00e1s\u00e1t adta, az adatkezel\u00e9s kiz\u00e1r\u00f3lag a GDPR 6. cikke (1) bekezd\u00e9s\u00e9nek a) pontja alapj\u00e1n t\u00f6rt\u00e9nik. A hozz\u00e1j\u00e1rul\u00e1s b\u00e1rmikor visszavonhat\u00f3.<\/p>\n<h3>Google Web Fonts<\/h3>\n<p>Annak \u00e9rdek\u00e9ben, hogy a weboldalon haszn\u00e1lt bet\u0171t\u00edpusok egys\u00e9gesek legyenek, a weboldal a Google \u00e1ltal biztos\u00edtott \u00fagynevezett webbet\u0171t\u00edpusokat haszn\u00e1lja. Amikor megnyit egy oldalt a weboldalunkon, a b\u00f6ng\u00e9sz\u0151je bet\u00f6lti a sz\u00fcks\u00e9ges webbet\u0171t\u00edpusokat a b\u00f6ng\u00e9sz\u0151 gyors\u00edt\u00f3t\u00e1r\u00e1ba, hogy a sz\u00f6veg \u00e9s a bet\u0171t\u00edpusok megfelel\u0151en jelenjenek meg.<\/p>\n<p>Ehhez az \u00d6n \u00e1ltal haszn\u00e1lt b\u00f6ng\u00e9sz\u0151nek kapcsolatot kell l\u00e9tes\u00edtenie a Google szervereivel. Ennek k\u00f6vetkezt\u00e9ben a Google tudom\u00e1st szerez arr\u00f3l, hogy az \u00d6n IP-c\u00edm\u00e9t haszn\u00e1lt\u00e1k fel a weboldal el\u00e9r\u00e9s\u00e9hez.<\/p>\n<p>A Google Web Fonts haszn\u00e1lata az \u00c1ltal\u00e1nos Adatv\u00e9delmi Rendelet (GDPR) 6. cikke (1) bekezd\u00e9s\u00e9nek f) pontj\u00e1n alapul. A weboldal \u00fczemeltet\u0151j\u00e9nek jogos \u00e9rdeke f\u0171z\u0151dik ahhoz, hogy a bet\u0171t\u00edpus a weboldal\u00e1n egys\u00e9gesen jelenjen meg. Amennyiben a vonatkoz\u00f3 hozz\u00e1j\u00e1rul\u00e1si nyilatkozat be\u00e9rkezett, az adatok feldolgoz\u00e1sa kiz\u00e1r\u00f3lag a GDPR 6. cikke (1) bekezd\u00e9s\u00e9nek a) pontja alapj\u00e1n t\u00f6rt\u00e9nik. A hozz\u00e1j\u00e1rul\u00e1s b\u00e1rmikor visszavonhat\u00f3.<\/p>\n<p>Amennyiben a b\u00f6ng\u00e9sz\u0151je nem t\u00e1mogatja a webes bet\u0171t\u00edpusokat, akkor a sz\u00e1m\u00edt\u00f3g\u00e9p\u00e9re telep\u00edtett szabv\u00e1nyos bet\u0171t\u00edpus ker\u00fcl felhaszn\u00e1l\u00e1sra.<\/p>\n<h3>Google T\u00e9rk\u00e9p<\/h3>\n<p>Ez a weboldal egy API-n kereszt\u00fcl haszn\u00e1lja a Google Maps t\u00e9rk\u00e9pszolg\u00e1ltat\u00e1st. A szolg\u00e1ltat\u00f3 a Google Ireland Limited (Gordon House, Barrow Street, Dublin 4, \u00cdrorsz\u00e1g).<\/p>\n<p>A Google Maps funkci\u00f3inak haszn\u00e1lat\u00e1hoz az \u00d6n IP-c\u00edm\u00e9t el kell menteni. \u00c1ltal\u00e1nos szab\u00e1ly, hogy ezeket az adatokat a Google egyik, az Egyes\u00fclt \u00c1llamokban tal\u00e1lhat\u00f3 szerver\u00e9re tov\u00e1bb\u00edtj\u00e1k, ahol azokat t\u00e1rolj\u00e1k. A weboldal \u00fczemeltet\u0151je nincs befoly\u00e1ssal az adat\u00e1tvitelre.<\/p>\n<p>A Google Maps szolg\u00e1ltat\u00e1st az\u00e9rt haszn\u00e1ljuk, hogy online tartalmainkat vonz\u00f3 m\u00f3don mutassuk be, \u00e9s hogy a weboldalunkon felt\u00fcntetett helysz\u00edneket k\u00f6nnyen megtal\u00e1lhat\u00f3v\u00e1 tegy\u00fck. Ez a GDPR 6. cikke (1) bekezd\u00e9s\u00e9nek f) pontj\u00e1ban meghat\u00e1rozott jogos \u00e9rdeknek min\u0151s\u00fcl. Amennyiben a vonatkoz\u00f3 hozz\u00e1j\u00e1rul\u00e1si nyilatkozatot megkaptuk, az adatok feldolgoz\u00e1sa kiz\u00e1r\u00f3lag a GDPR 6. cikke (1) bekezd\u00e9s\u00e9nek a) pontja alapj\u00e1n t\u00f6rt\u00e9nik. Ez a hozz\u00e1j\u00e1rul\u00e1si nyilatkozat b\u00e1rmikor visszavonhat\u00f3.<\/p>\n<h2>9. Egyedi szolg\u00e1ltat\u00e1sok<\/h2>\n<h3>\u00c1ll\u00e1sp\u00e1ly\u00e1zatok<\/h3>\n<p>Weboldalunk l\u00e1togat\u00f3inak lehet\u0151s\u00e9get biztos\u00edtunk arra, hogy \u00e1ll\u00e1sp\u00e1ly\u00e1zatokat ny\u00fajtsanak be hozz\u00e1nk (pl. e-mailben, postai \u00faton vagy az online \u00e1ll\u00e1sp\u00e1ly\u00e1zati \u0171rlap kit\u00f6lt\u00e9s\u00e9vel). Az al\u00e1bbiakban t\u00e1j\u00e9koztatjuk \u00d6nt az \u00e1ll\u00e1sp\u00e1ly\u00e1zati elj\u00e1r\u00e1s keret\u00e9ben \u00d6nt\u0151l gy\u0171jt\u00f6tt szem\u00e9lyes adatok k\u00f6r\u00e9r\u0151l, c\u00e9lj\u00e1r\u00f3l \u00e9s felhaszn\u00e1l\u00e1s\u00e1r\u00f3l. Biztos\u00edtjuk \u00d6nt arr\u00f3l, hogy adatai gy\u0171jt\u00e9se, feldolgoz\u00e1sa \u00e9s felhaszn\u00e1l\u00e1sa a hat\u00e1lyos adatv\u00e9delmi jogszab\u00e1lyoknak \u00e9s minden egy\u00e9b t\u00f6rv\u00e9nyi rendelkez\u00e9snek megfelel\u0151en t\u00f6rt\u00e9nik, \u00e9s hogy adatait minden esetben szigor\u00faan bizalmasan kezelj\u00fck.<\/p>\n<h3>Az adatgy\u0171jt\u00e9s hat\u00e1lya \u00e9s c\u00e9lja<\/h3>\n<p>Amennyiben \u00e1ll\u00e1sp\u00e1ly\u00e1zatot ny\u00fajt be hozz\u00e1nk, feldolgozzuk az ahhoz kapcsol\u00f3d\u00f3 szem\u00e9lyes adatokat (pl. kapcsolattart\u00e1si \u00e9s kommunik\u00e1ci\u00f3s adatok, p\u00e1ly\u00e1zati dokumentumok, az \u00e1ll\u00e1sinterj\u00fak sor\u00e1n k\u00e9sz\u00edtett jegyzetek stb.), amennyiben azok sz\u00fcks\u00e9gesek a munkaviszony l\u00e9trehoz\u00e1s\u00e1val kapcsolatos d\u00f6nt\u00e9s meghozatal\u00e1hoz.<\/p>\n<p>A fentiek jogalapja a n\u00e9met jog szerinti \u00faj GDPR 26. \u00a7-a (munkaviszony megk\u00f6t\u00e9se), a GDPR 6. cikke (1) bekezd\u00e9s\u00e9nek b) pontja (\u00e1ltal\u00e1nos szerz\u0151d\u00e9sk\u00f6t\u00e9s) \u00e9s \u2013 amennyiben hozz\u00e1j\u00e1rul\u00e1s\u00e1t adta nek\u00fcnk \u2013 a GDPR 6. cikke (1) bekezd\u00e9s\u00e9nek a) pontja. B\u00e1rmely megadott hozz\u00e1j\u00e1rul\u00e1s\u00e1t b\u00e1rmikor visszavonhatja. V\u00e1llalatunkon bel\u00fcl szem\u00e9lyes adatait kiz\u00e1r\u00f3lag azokkal osztjuk meg, akik az \u00d6n \u00e1ll\u00e1sp\u00e1ly\u00e1zat\u00e1nak feldolgoz\u00e1s\u00e1ban r\u00e9szt vesznek.<\/p>\n<p>Amennyiben az \u00d6n \u00e1ll\u00e1sp\u00e1ly\u00e1zata felv\u00e9tel\u00e9vel z\u00e1rul, az \u00d6n \u00e1ltal megadott adatokat az \u00faj GDPR 26. \u00a7-a, valamint a GDPR 6. cikke (1) bekezd\u00e9s\u00e9nek b) pontja alapj\u00e1n archiv\u00e1ljuk adatfeldolgoz\u00f3 rendszer\u00fcnkben a munkaviszony lebonyol\u00edt\u00e1sa c\u00e9lj\u00e1b\u00f3l.<\/p>\n<h3>Az adatok archiv\u00e1l\u00e1s\u00e1nak id\u0151tartama<\/h3>\n<p>Amennyiben nem tudunk \u00d6nnek \u00e1ll\u00e1saj\u00e1nlatot tenni, vagy \u00d6n elutas\u00edtja az \u00e1ll\u00e1saj\u00e1nlatot, illetve visszavonja a jelentkez\u00e9s\u00e9t, fenntartjuk a jogot, hogy jogos \u00e9rdekeink alapj\u00e1n (a GDPR 6. cikke f) bekezd\u00e9s) legfeljebb 6 h\u00f3napig a jelentkez\u00e9si elj\u00e1r\u00e1s lez\u00e1r\u00e1s\u00e1t\u00f3l (a jelentkez\u00e9s elutas\u00edt\u00e1sa vagy visszavon\u00e1sa) sz\u00e1m\u00edtva.<\/p>\n<p>Ezt k\u00f6vet\u0151en az adatokat t\u00f6r\u00f6lj\u00fck, a pap\u00edralap\u00fa p\u00e1ly\u00e1zati dokumentumokat pedig megsemmis\u00edtj\u00fck. A t\u00e1rol\u00e1s els\u0151sorban jogvita eset\u00e9n szolg\u00e1l bizony\u00edt\u00e9kk\u00e9nt. Ha nyilv\u00e1nval\u00f3, hogy az adatokra a 6 h\u00f3napos id\u0151szak lej\u00e1rta ut\u00e1n is sz\u00fcks\u00e9g lesz (pl. k\u00f6zelg\u0151 vagy folyamatban l\u00e9v\u0151 jogvita miatt), a t\u00f6rl\u00e9sre csak akkor ker\u00fcl sor, amikor a tov\u00e1bbi t\u00e1rol\u00e1s c\u00e9lja m\u00e1r nem \u00e1ll fenn.<\/p>\n<p>Hosszabb ideig t\u00f6rt\u00e9n\u0151 t\u00e1rol\u00e1sra akkor is sor ker\u00fclhet, ha \u00d6n ahhoz hozz\u00e1j\u00e1rult (a GDPR 6. cikke (1) bekezd\u00e9s\u00e9nek a) pontja), vagy ha a t\u00f6rv\u00e9nyes adatmeg\u0151rz\u00e9si k\u00f6vetelm\u00e9nyek kiz\u00e1rj\u00e1k az adatok t\u00f6rl\u00e9s\u00e9t.<\/p>\n<h2>10. A WhatsApp Business haszn\u00e1lata a kommunik\u00e1ci\u00f3hoz<\/h2>\n<h3>Kommunik\u00e1ci\u00f3 a WhatsApp Business alkalmaz\u00e1son kereszt\u00fcl<\/h3>\n<p>Annak \u00e9rdek\u00e9ben, hogy kapcsolatba l\u00e9pjen vel\u00fcnk, valamint a levelez\u00e9s c\u00e9lj\u00e1b\u00f3l lehet\u0151s\u00e9get biztos\u00edtunk arra, hogy a WhatsApp Business alkalmaz\u00e1son kereszt\u00fcl el\u00e9rjen minket.<\/p>\n<p>A szolg\u00e1ltat\u00e1s \u00fczemeltet\u0151je a WhatsApp Ireland Limited (c\u00edm: 4 Grand Canal Square, Grand Canal Harbour, Dublin 2, \u00cdrorsz\u00e1g), amely a Facebook le\u00e1nyv\u00e1llalata. Mind mi (Yokohama Europe GmbH), mind a WhatsApp hozz\u00e1f\u00e9r\u00fcnk az \u00d6n telefonsz\u00e1m\u00e1hoz.<\/p>\n<p>Az adatokat a WhatsApp tov\u00e1bb\u00edtja az Egyes\u00fclt \u00c1llamokban tal\u00e1lhat\u00f3 Facebook-szerverekre is, ahol azokat a WhatsApp \u00e9s a Facebook a WhatsApp adatv\u00e9delmi ir\u00e1nyelveinek megfelel\u0151en dolgozza fel; ez mag\u00e1ban foglalja a saj\u00e1t c\u00e9lokra t\u00f6rt\u00e9n\u0151 adatkezel\u00e9st is, p\u00e9ld\u00e1ul a WhatsApp szolg\u00e1ltat\u00e1s fejleszt\u00e9se \u00e9rdek\u00e9ben. Felh\u00edvjuk a figyelmet arra, hogy a WhatsApp hozz\u00e1f\u00e9r a haszn\u00e1lt eszk\u00f6z c\u00edmjegyz\u00e9k\u00e9hez \u00e9s az abban t\u00e1rolt kapcsolattart\u00e1si adatokhoz is.<\/p>\n<p>Az \u00d6n telefonsz\u00e1m\u00e1t, nev\u00e9t, valamint az \u00d6n \u00e1ltal megadott egy\u00e9b adatokat \u00e9s a k\u00e9rd\u00e9se vagy \u00fczenete tartalm\u00e1t feldolgozzuk annak \u00e9rdek\u00e9ben, hogy feldolgozzuk k\u00e9r\u00e9s\u00e9t, \u00e9s v\u00e1laszolhassunk az esetleges k\u00e9rd\u00e9seire.<\/p>\n<h3>Jogalap<\/h3>\n<p>Ezen adatkezel\u00e9s, valamint a WhatsApp fel\u00e9 t\u00f6rt\u00e9n\u0151 tov\u00e1bb\u00edt\u00e1s jogalapja ebben az \u00f6sszef\u00fcgg\u00e9sben a GDPR 6. cikke (1) bekezd\u00e9s\u00e9nek 1. mondata b) pontja, amennyiben k\u00e9r\u00e9sed vel\u00fcnk fenn\u00e1ll\u00f3 szerz\u0151d\u00e9ses jogviszonyra vonatkozik, vagy egy ilyen szerz\u0151d\u00e9ses jogviszony l\u00e9trehoz\u00e1s\u00e1t szolg\u00e1lja.<\/p>\n<p>Egy\u00e9b esetben ez az adatkezel\u00e9s a GDPR 6. cikke (1) bekezd\u00e9s\u00e9nek els\u0151 mondata alapj\u00e1n t\u00f6rt\u00e9nik, amely szerint jogos \u00e9rdek\u00fcnk az \u00d6n k\u00e9r\u00e9s\u00e9nek gondos feldolgoz\u00e1sa \u00e9s az esetleges technikai probl\u00e9m\u00e1k megold\u00e1sa.<\/p>\n<p>Figyelembe vessz\u00fck az \u00d6n \u00e9rdekeit azzal, hogy a WhatsApp-on kereszt\u00fcli kommunik\u00e1ci\u00f3t csup\u00e1n kieg\u00e9sz\u00edt\u0151 lehet\u0151s\u00e9gk\u00e9nt biztos\u00edtjuk. Term\u00e9szetesen m\u00e1s m\u00f3don is felveheti vel\u00fcnk a kapcsolatot, p\u00e9ld\u00e1ul telefonon, e-mailben vagy a weboldalunkon tal\u00e1lhat\u00f3 kapcsolatfelv\u00e9teli \u0171rlapon kereszt\u00fcl, amint azt ebben a szakaszban kor\u00e1bban m\u00e1r le\u00edrtuk.<\/p>\n<p>Ezen fel\u00fcl \u2013 amennyiben lehets\u00e9ges \u2013 a WhatsApp-on kereszt\u00fcli kapcsolatfelv\u00e9telhez k\u00fcl\u00f6n eszk\u00f6zt haszn\u00e1lunk, amelyben kiz\u00e1r\u00f3lag azoknak az \u00e9rdekl\u0151d\u0151knek az el\u00e9rhet\u0151s\u00e9gi adatait t\u00e1roljuk, akik a WhatsApp-on kereszt\u00fcl l\u00e9pnek kapcsolatba vel\u00fcnk; a WhatsApp pedig kiz\u00e1r\u00f3lag azoknak az \u00e9rdekl\u0151d\u0151knek az adatait kapja meg, akik \u00f6nk\u00e9nt veszik ig\u00e9nybe a szolg\u00e1ltat\u00e1st.<\/p>\n<h2>11. <span data-teams=\"true\"><strong>Akci\u00f3k vagy jutalmak<\/strong><\/span><\/h2>\n<p>Amennyiben r\u00e9szt vesz az \u00e1ltalunk k\u00edn\u00e1lt prom\u00f3ci\u00f3ban vagy jutalomkamp\u00e1nyban, feldolgozzuk az \u00d6n szem\u00e9lyes adatait annak \u00e9rdek\u00e9ben, hogy ellen\u0151rizz\u00fck a jutalomra val\u00f3 jogosults\u00e1g\u00e1t, felvegy\u00fck \u00d6nnel a kapcsolatot, \u00e9s elk\u00fcldj\u00fck \u00d6nnek a jutalmat. E c\u00e9lb\u00f3l feldolgozzuk az \u00d6n kereszt- \u00e9s vezet\u00e9knev\u00e9t, valamint e-mail c\u00edm\u00e9t. Az \u00d6nr\u0151l feldolgozott egy\u00e9b adatok az adott prom\u00f3ci\u00f3t\u00f3l f\u00fcggnek. P\u00e9ld\u00e1ul a 2025 \u0151sz\u00e9n zajl\u00f3 gumiabroncs-prom\u00f3ci\u00f3 eset\u00e9ben feldolgozzuk az \u00d6n gumiabroncs-v\u00e1s\u00e1rl\u00e1s\u00e1val kapcsolatos inform\u00e1ci\u00f3kat is, valamint azt, hogy melyik keresked\u0151t\u0151l v\u00e1s\u00e1rolta a gumiabroncsokat.<\/p>\n<p>Az adatkezel\u00e9s jogalapja a GDPR 6. cikke (1) bekezd\u00e9s\u00e9nek f) pontja, amely szerint jogos \u00e9rdek\u00fcnk a prom\u00f3ci\u00f3 megfelel\u0151 lebonyol\u00edt\u00e1sa \u00e9s a jutalmak oda\u00edt\u00e9l\u00e9se. Amennyiben \u00d6nnel r\u00e9szv\u00e9teli szerz\u0151d\u00e9st k\u00f6t\u00f6tt\u00fcnk, az adatkezel\u00e9s jogalapja a GDPR 6. cikke (1) bekezd\u00e9s\u00e9nek b) pontja.<\/p>\n<p>Szem\u00e9lyes adatait kiz\u00e1r\u00f3lag a kamp\u00e1ny lebonyol\u00edt\u00e1s\u00e1hoz sz\u00fcks\u00e9ges ideig, valamint a t\u00f6rv\u00e9nyben el\u0151\u00edrt meg\u0151rz\u00e9si \u00e9s el\u00e9v\u00fcl\u00e9si hat\u00e1rid\u0151k betart\u00e1sa \u00e9rdek\u00e9ben kezelj\u00fck.<\/p>\n<p>A kamp\u00e1nyok lebonyol\u00edt\u00e1s\u00e1hoz olyan szolg\u00e1ltat\u00f3kat vesz\u00fcnk ig\u00e9nybe (pl. informatikai \u00e9s sz\u00e1ll\u00edt\u00e1si szolg\u00e1ltat\u00f3kat), akik t\u00e1mogatnak minket a hirdet\u00e9si vagy jutalomkamp\u00e1ny lebonyol\u00edt\u00e1s\u00e1ban \u00e9s feldolgoz\u00e1s\u00e1ban.\u00a0<\/p>\n<\/div>\n<\/div><\/div>\n<\/section><\/div>","protected":false},"excerpt":{"rendered":"<p>Home \/ Privacy Policy Privacy Policy There are no headings in this document. 1. An overview of data protection General information The following information will provide you with an easy to navigate overview of what will happen with your personal data when you visit this website. The term \u201cpersonal data\u201d comprises all data that can [&hellip;]<\/p>\n","protected":false},"author":1,"featured_media":0,"parent":0,"menu_order":10,"comment_status":"closed","ping_status":"closed","template":"","meta":{"_acf_changed":false,"_breakdance_hide_in_design_set":false,"_breakdance_tags":"","footnotes":""},"class_list":["post-3","page","type-page","status-publish","hentry"],"acf":[],"yoast_head":"<!-- This site is optimized with the Yoast SEO plugin v28.2 - https:\/\/yoast.com\/product\/yoast-seo-wordpress\/ -->\n<title>Privacy Policy - Yokohama<\/title>\n<meta name=\"description\" content=\"Read Yokohama Privacy Policy to understand how we collect, use, and protect your personal information while you use our website and services.\" \/>\n<meta name=\"robots\" content=\"index, follow, max-snippet:-1, max-image-preview:large, max-video-preview:-1\" \/>\n<link rel=\"canonical\" href=\"https:\/\/www.yokohama.eu\/hu\/adatvedelmi-nyilatkozat\/\" \/>\n<meta property=\"og:locale\" content=\"hu_HU\" \/>\n<meta property=\"og:type\" content=\"article\" \/>\n<meta property=\"og:title\" content=\"Privacy Policy - Yokohama\" \/>\n<meta property=\"og:description\" content=\"Read Yokohama Privacy Policy to understand how we collect, use, and protect your personal information while you use our website and services.\" \/>\n<meta property=\"og:url\" content=\"https:\/\/www.yokohama.eu\/hu\/adatvedelmi-nyilatkozat\/\" \/>\n<meta property=\"og:site_name\" content=\"Yokohama\" \/>\n<meta property=\"article:modified_time\" content=\"2025-10-16T10:48:46+00:00\" \/>\n<meta name=\"twitter:card\" content=\"summary_large_image\" \/>\n<meta name=\"twitter:label1\" content=\"Becs\u00fclt olvas\u00e1si id\u0151\" \/>\n\t<meta name=\"twitter:data1\" content=\"25 perc\" \/>\n<script type=\"application\/ld+json\" class=\"yoast-schema-graph\">{\"@context\":\"https:\\\/\\\/schema.org\",\"@graph\":[{\"@type\":\"WebPage\",\"@id\":\"https:\\\/\\\/www.yokohama.eu\\\/privacy-policy\\\/\",\"url\":\"https:\\\/\\\/www.yokohama.eu\\\/privacy-policy\\\/\",\"name\":\"Privacy Policy - Yokohama\",\"isPartOf\":{\"@id\":\"https:\\\/\\\/www.yokohama.eu\\\/#website\"},\"datePublished\":\"2025-03-25T14:32:03+00:00\",\"dateModified\":\"2025-10-16T10:48:46+00:00\",\"description\":\"Read Yokohama Privacy Policy to understand how we collect, use, and protect your personal information while you use our website and services.\",\"breadcrumb\":{\"@id\":\"https:\\\/\\\/www.yokohama.eu\\\/privacy-policy\\\/#breadcrumb\"},\"inLanguage\":\"hu\",\"potentialAction\":[{\"@type\":\"ReadAction\",\"target\":[\"https:\\\/\\\/www.yokohama.eu\\\/privacy-policy\\\/\"]}]},{\"@type\":\"BreadcrumbList\",\"@id\":\"https:\\\/\\\/www.yokohama.eu\\\/privacy-policy\\\/#breadcrumb\",\"itemListElement\":[{\"@type\":\"ListItem\",\"position\":1,\"name\":\"Home\",\"item\":\"https:\\\/\\\/www.yokohama.eu\\\/\"},{\"@type\":\"ListItem\",\"position\":2,\"name\":\"Privacy Policy\"}]},{\"@type\":\"WebSite\",\"@id\":\"https:\\\/\\\/www.yokohama.eu\\\/#website\",\"url\":\"https:\\\/\\\/www.yokohama.eu\\\/\",\"name\":\"Yokohama\",\"description\":\"\",\"potentialAction\":[{\"@type\":\"SearchAction\",\"target\":{\"@type\":\"EntryPoint\",\"urlTemplate\":\"https:\\\/\\\/www.yokohama.eu\\\/?s={search_term_string}\"},\"query-input\":{\"@type\":\"PropertyValueSpecification\",\"valueRequired\":true,\"valueName\":\"search_term_string\"}}],\"inLanguage\":\"hu\"}]}<\/script>\n<!-- \/ Yoast SEO plugin. -->","yoast_head_json":{"title":"Adatv\u00e9delmi ir\u00e1nyelvek \u2013 Yokohama","description":"K\u00e9rj\u00fck, olvassa el a Yokohama adatv\u00e9delmi ir\u00e1nyelveit, hogy megismerje, hogyan gy\u0171jtj\u00fck, haszn\u00e1ljuk fel \u00e9s v\u00e9dj\u00fck az \u00d6n szem\u00e9lyes adatait, mik\u00f6zben \u00d6n a weboldalunkat \u00e9s szolg\u00e1ltat\u00e1sainkat haszn\u00e1lja.","robots":{"index":"index","follow":"follow","max-snippet":"max-snippet:-1","max-image-preview":"max-image-preview:large","max-video-preview":"max-video-preview:-1"},"canonical":"https:\/\/www.yokohama.eu\/hu\/adatvedelmi-nyilatkozat\/","og_locale":"hu_HU","og_type":"article","og_title":"Privacy Policy - Yokohama","og_description":"Read Yokohama Privacy Policy to understand how we collect, use, and protect your personal information while you use our website and services.","og_url":"https:\/\/www.yokohama.eu\/hu\/adatvedelmi-nyilatkozat\/","og_site_name":"Yokohama","article_modified_time":"2025-10-16T10:48:46+00:00","twitter_card":"summary_large_image","twitter_misc":{"Becs\u00fclt olvas\u00e1si id\u0151":"25 perc"},"schema":{"@context":"https:\/\/schema.org","@graph":[{"@type":"WebPage","@id":"https:\/\/www.yokohama.eu\/privacy-policy\/","url":"https:\/\/www.yokohama.eu\/privacy-policy\/","name":"Adatv\u00e9delmi ir\u00e1nyelvek \u2013 Yokohama","isPartOf":{"@id":"https:\/\/www.yokohama.eu\/#website"},"datePublished":"2025-03-25T14:32:03+00:00","dateModified":"2025-10-16T10:48:46+00:00","description":"K\u00e9rj\u00fck, olvassa el a Yokohama adatv\u00e9delmi ir\u00e1nyelveit, hogy megismerje, hogyan gy\u0171jtj\u00fck, haszn\u00e1ljuk fel \u00e9s v\u00e9dj\u00fck az \u00d6n szem\u00e9lyes adatait, mik\u00f6zben \u00d6n a weboldalunkat \u00e9s szolg\u00e1ltat\u00e1sainkat haszn\u00e1lja.","breadcrumb":{"@id":"https:\/\/www.yokohama.eu\/privacy-policy\/#breadcrumb"},"inLanguage":"hu","potentialAction":[{"@type":"ReadAction","target":["https:\/\/www.yokohama.eu\/privacy-policy\/"]}]},{"@type":"BreadcrumbList","@id":"https:\/\/www.yokohama.eu\/privacy-policy\/#breadcrumb","itemListElement":[{"@type":"ListItem","position":1,"name":"Home","item":"https:\/\/www.yokohama.eu\/"},{"@type":"ListItem","position":2,"name":"Privacy Policy"}]},{"@type":"WebSite","@id":"https:\/\/www.yokohama.eu\/#website","url":"https:\/\/www.yokohama.eu\/","name":"Jokohama","description":"","potentialAction":[{"@type":"SearchAction","target":{"@type":"EntryPoint","urlTemplate":"https:\/\/www.yokohama.eu\/?s={search_term_string}"},"query-input":{"@type":"PropertyValueSpecification","valueRequired":true,"valueName":"search_term_string"}}],"inLanguage":"hu"}]}},"_links":{"self":[{"href":"https:\/\/www.yokohama.eu\/hu\/wp-json\/wp\/v2\/pages\/3","targetHints":{"allow":["GET"]}}],"collection":[{"href":"https:\/\/www.yokohama.eu\/hu\/wp-json\/wp\/v2\/pages"}],"about":[{"href":"https:\/\/www.yokohama.eu\/hu\/wp-json\/wp\/v2\/types\/page"}],"author":[{"embeddable":true,"href":"https:\/\/www.yokohama.eu\/hu\/wp-json\/wp\/v2\/users\/1"}],"replies":[{"embeddable":true,"href":"https:\/\/www.yokohama.eu\/hu\/wp-json\/wp\/v2\/comments?post=3"}],"version-history":[{"count":2,"href":"https:\/\/www.yokohama.eu\/hu\/wp-json\/wp\/v2\/pages\/3\/revisions"}],"predecessor-version":[{"id":48253,"href":"https:\/\/www.yokohama.eu\/hu\/wp-json\/wp\/v2\/pages\/3\/revisions\/48253"}],"wp:attachment":[{"href":"https:\/\/www.yokohama.eu\/hu\/wp-json\/wp\/v2\/media?parent=3"}],"curies":[{"name":"wp","href":"https:\/\/api.w.org\/{rel}","templated":true}]}}