{"id":3,"date":"2025-03-25T14:32:03","date_gmt":"2025-03-25T14:32:03","guid":{"rendered":"https:\/\/yokohama.demo.mybeautifuldomain.com\/?page_id=3"},"modified":"2025-10-16T10:48:46","modified_gmt":"2025-10-16T10:48:46","slug":"gizlilik-politikasi","status":"publish","type":"page","link":"https:\/\/www.yokohama.eu\/tr\/privacy-policy\/","title":{"rendered":"Gizlilik Politikas\u0131"},"content":{"rendered":"<div class='breakdance'><section class=\"bde-section-3-100 bde-section\" data-gsap=\"true\" data-scrolltrigger=\"false\">\n  \n  \n\t\n\n\n\n<div class=\"section-container\"><div class=\"bde-shortcode-3-101 bde-shortcode breadcrumbs__wrap\"><nav class=\"breadcrumbs\" aria-label=\"Gezinti Yolu\"><a class=\"breadcrumbs__link breadcrumbs__link--home\" href=\"https:\/\/www.yokohama.eu\/tr\/\">Ana Sayfa<\/a><span class=\"breadcrumbs__separator\"> \/ <\/span><span class=\"breadcrumbs__current\">Gizlilik Politikas\u0131<\/span><\/nav><\/div><div class=\"bde-div-3-102 bde-div\" data-animation=\"from-bot\">\n  \n  \n\t\n\n\n\n<h1 class=\"bde-heading-3-103 bde-heading\">\nGizlilik Politikas\u0131\n<\/h1><div class=\"bde-table-of-contents-3-109 bde-table-of-contents bde-preset-d9428d12-feab-4fcd-b54b-cb9ee010e665\">\n<div class=\"bde-table-of-contents__wrapper\">\n  <header class=\"bde-table-of-contents__header\">\n           <\/header>\n  \n  <div class=\"bde-table-of-contents__list\">\n    <nav id=\"bde-toc\" class=\"toc js-breakdance-toc\" aria-label=\"\u0130\u00e7indekiler\">Bu belgede ba\u015fl\u0131k bulunmamaktad\u0131r.<\/nav>\n  <\/div>\n<\/div>\n\n\n<\/div><div class=\"bde-rich-text-3-107 bde-rich-text entry-content bde-preset-307379fe-d50f-4205-b47a-eb954f1134d9 breakdance-rich-text-styles\">\n<h2>1. Veri koruma hakk\u0131nda genel bir bak\u0131\u015f<\/h2>\n<h3>Genel bilgiler<\/h3>\n<p>A\u015fa\u011f\u0131daki bilgiler, bu web sitesini ziyaret etti\u011finizde ki\u015fisel verilerinizin ne \u015fekilde i\u015flenece\u011fine dair, kolayca incelenebilecek bir genel bak\u0131\u015f sunmaktad\u0131r. \u201cKi\u015fisel veriler\u201d terimi, sizi ki\u015fisel olarak tan\u0131mlamak i\u00e7in kullan\u0131labilecek t\u00fcm verileri kapsamaktad\u0131r. Veri koruma konusuyla ilgili ayr\u0131nt\u0131l\u0131 bilgi i\u00e7in, l\u00fctfen bu metnin alt\u0131nda yer alan Veri Koruma Beyan\u0131m\u0131za g\u00f6z at\u0131n\u0131z.<\/p>\n<p>Bu web sitesinde veri kayd\u0131<\/p>\n<h3>Bu web sitesinde verilerin i\u015flenmesinden kim sorumludur (yani \u201cveri sorumlusu\u201d)?<\/h3>\n<p>Bu web sitesindeki veriler, web sitesinin i\u015fletmecisi taraf\u0131ndan i\u015flenmektedir; i\u015fletmecinin ileti\u015fim bilgileri, bu web sitesindeki \u201cYasalarca Gerekli Bilgiler\u201d ba\u015fl\u0131\u011f\u0131 alt\u0131nda yer almaktad\u0131r.<\/p>\n<h3>Verilerinizi nas\u0131l kaydediyoruz?<\/h3>\n<p>Verilerinizi, bizimle payla\u015fman\u0131z sonucunda topluyoruz. Bu, \u00f6rne\u011fin, ileti\u015fim formumuza girdi\u011finiz bilgiler olabilir.<\/p>\n<p>Di\u011fer veriler, web sitemizi ziyaretiniz s\u0131ras\u0131nda, kay\u0131tlar\u0131na r\u0131za g\u00f6stermeniz \u00fczerine veya otomatik olarak bilgi teknolojisi sistemlerimiz taraf\u0131ndan kaydedilecektir. Bu veriler esas olarak teknik bilgilerden olu\u015fur (\u00f6rne\u011fin, web taray\u0131c\u0131s\u0131, i\u015fletim sistemi veya siteye eri\u015fim saati). Bu bilgiler, bu web sitesine eri\u015fti\u011finizde otomatik olarak kaydedilir.<\/p>\n<h3>Verilerinizi hangi ama\u00e7larla kullan\u0131yoruz?<\/h3>\n<p>Bilgilerin bir k\u0131sm\u0131, web sitesinin hatas\u0131z bir \u015fekilde sunulmas\u0131n\u0131 sa\u011flamak amac\u0131yla toplanmaktad\u0131r. Di\u011fer veriler ise kullan\u0131c\u0131 al\u0131\u015fkanl\u0131klar\u0131n\u0131z\u0131 analiz etmek amac\u0131yla kullan\u0131labilir.<\/p>\n<h3>Ki\u015fisel bilgilerinizle ilgili olarak hangi haklara sahipsiniz?<\/h3>\n<p>Ar\u015fivlenmi\u015f ki\u015fisel verilerinizin kayna\u011f\u0131, al\u0131c\u0131lar\u0131 ve i\u015flenme ama\u00e7lar\u0131 hakk\u0131nda, bu t\u00fcr bilgilendirmeler i\u00e7in herhangi bir \u00fccret \u00f6demek zorunda kalmadan her zaman bilgi alma hakk\u0131na sahipsiniz. Ayr\u0131ca, verilerinizin d\u00fczeltilmesini veya silinmesini talep etme hakk\u0131na da sahipsiniz. Veri i\u015fleme i\u00e7in onay verdiyseniz, bu onay\u0131 istedi\u011finiz zaman geri \u00e7ekme se\u00e7ene\u011finiz vard\u0131r; bu, gelecekteki t\u00fcm veri i\u015flemlerini etkileyecektir. Ayr\u0131ca, belirli ko\u015fullar alt\u0131nda verilerinizin i\u015flenmesinin k\u0131s\u0131tlanmas\u0131n\u0131 talep etme hakk\u0131na da sahipsiniz. Bunun yan\u0131 s\u0131ra, yetkili denetim kurumuna \u015fikayette bulunma hakk\u0131n\u0131z da vard\u0131r.<\/p>\n<p>Bu konu veya veri koruma ile ilgili di\u011fer herhangi bir konuda sorular\u0131n\u0131z varsa, l\u00fctfen bu web sitesinin \u201cYasalarca Zorunlu Bilgiler\u201d b\u00f6l\u00fcm\u00fcnde belirtilen adres \u00fczerinden istedi\u011finiz zaman bizimle ileti\u015fime ge\u00e7mekten \u00e7ekinmeyin.<\/p>\n<h3>Analiz ara\u00e7lar\u0131 ve \u00fc\u00e7\u00fcnc\u00fc taraflarca sa\u011flanan ara\u00e7lar<\/h3>\n<p>Bu web sitesini ziyaret etti\u011finizde, gezinme al\u0131\u015fkanl\u0131klar\u0131n\u0131z\u0131n istatistiksel olarak analiz edilmesi ihtimali bulunmaktad\u0131r. Bu t\u00fcr analizler, esas olarak \u201canaliz programlar\u0131\u201d olarak adland\u0131rd\u0131\u011f\u0131m\u0131z ara\u00e7larla ger\u00e7ekle\u015ftirilmektedir.<\/p>\n<p>Bu analiz programlar\u0131 hakk\u0131nda ayr\u0131nt\u0131l\u0131 bilgi i\u00e7in l\u00fctfen a\u015fa\u011f\u0131daki Veri Koruma Beyan\u0131m\u0131za bak\u0131n\u0131z.<\/p>\n<h2>2. Bar\u0131nd\u0131rma ve \u0130\u00e7erik Da\u011f\u0131t\u0131m A\u011flar\u0131 (CDN)<\/h2>\n<h3>Harici Bar\u0131nd\u0131rma<\/h3>\n<p>Bu web sitesi, harici bir hizmet sa\u011flay\u0131c\u0131 (bar\u0131nd\u0131rma sa\u011flay\u0131c\u0131s\u0131) taraf\u0131ndan bar\u0131nd\u0131r\u0131lmaktad\u0131r. Bu web sitesinde toplanan ki\u015fisel veriler, bar\u0131nd\u0131rma sa\u011flay\u0131c\u0131s\u0131n\u0131n sunucular\u0131nda saklanmaktad\u0131r. Bu veriler aras\u0131nda, bunlarla s\u0131n\u0131rl\u0131 olmamak \u00fczere, IP adresleri, ileti\u015fim talepleri, meta veriler ve ileti\u015fim kay\u0131tlar\u0131, s\u00f6zle\u015fme bilgileri, ileti\u015fim bilgileri, isimler, web sayfas\u0131na eri\u015fim bilgileri ve web sitesi arac\u0131l\u0131\u011f\u0131yla olu\u015fturulan di\u011fer veriler yer alabilir.<\/p>\n<p>Bar\u0131nd\u0131rma hizmeti, potansiyel ve mevcut m\u00fc\u015fterilerimizle yap\u0131lan s\u00f6zle\u015fmenin yerine getirilmesi amac\u0131yla (GDPR Madde 6, paragraf 1, b bendi) ve profesyonel bir sa\u011flay\u0131c\u0131 taraf\u0131ndan \u00e7evrimi\u00e7i hizmetlerimizin g\u00fcvenli, h\u0131zl\u0131 ve verimli bir \u015fekilde sunulmas\u0131 amac\u0131yla (GDPR Madde 6, paragraf 1, f bendi) kullan\u0131lmaktad\u0131r.<\/p>\n<p>Ev sahibimiz, verilerinizi yaln\u0131zca y\u00fck\u00fcml\u00fcl\u00fcklerini yerine getirmek ve bu verilerle ilgili talimatlar\u0131m\u0131za uymak i\u00e7in gerekli oldu\u011fu \u00f6l\u00e7\u00fcde i\u015fleyecektir.<\/p>\n<h3>S\u00f6zle\u015fme kapsam\u0131nda veri i\u015fleme s\u00f6zle\u015fmesinin imzalanmas\u0131<\/h3>\n<p>Veri koruma d\u00fczenlemelerine uygun bir \u015fekilde i\u015fleme yap\u0131lmas\u0131n\u0131 garanti alt\u0131na almak amac\u0131yla, bar\u0131nd\u0131rma hizmet sa\u011flay\u0131c\u0131m\u0131zla bir veri i\u015fleme s\u00f6zle\u015fmesi imzalad\u0131k.<\/p>\n<h2>3. Genel bilgiler ve zorunlu bilgiler<\/h2>\n<h3>Veri koruma<\/h3>\n<p>Bu web sitesinin ve sayfalar\u0131n\u0131n i\u015fletmecileri, ki\u015fisel verilerinizin korunmas\u0131n\u0131 son derece ciddiye almaktad\u0131r. Bu nedenle, ki\u015fisel verilerinizi gizli bilgi olarak ve yasal veri koruma d\u00fczenlemelerine ve bu Veri Koruma Beyan\u0131na uygun \u015fekilde i\u015fliyoruz.<\/p>\n<p>Bu web sitesini her kulland\u0131\u011f\u0131n\u0131zda, \u00e7e\u015fitli ki\u015fisel bilgiler toplanacakt\u0131r. Ki\u015fisel veriler, sizi ki\u015fisel olarak tan\u0131mlamak i\u00e7in kullan\u0131labilecek verileri i\u00e7erir. Bu Veri Koruma Beyan\u0131, hangi verileri toplad\u0131\u011f\u0131m\u0131z\u0131 ve bu verileri hangi ama\u00e7larla kulland\u0131\u011f\u0131m\u0131z\u0131 a\u00e7\u0131klamaktad\u0131r. Ayr\u0131ca, bilgilerin nas\u0131l ve hangi ama\u00e7la topland\u0131\u011f\u0131n\u0131 da a\u00e7\u0131klamaktad\u0131r.<\/p>\n<p>Bu vesileyle, internet \u00fczerinden (yani e-posta yoluyla) yap\u0131lan veri aktar\u0131mlar\u0131n\u0131n g\u00fcvenlik a\u00e7\u0131klar\u0131na maruz kalabilece\u011fini bildiririz. Verilerin \u00fc\u00e7\u00fcnc\u00fc \u015fah\u0131slar\u0131n eri\u015fimine kar\u015f\u0131 tamamen korunmas\u0131 m\u00fcmk\u00fcn de\u011fildir.<\/p>\n<h3>Sorumlu taraf hakk\u0131nda bilgiler (GDPR\u2019da \u201cveri sorumlusu\u201d olarak an\u0131l\u0131r)<\/h3>\n<p>Bu web sitesinde veri i\u015fleme sorumlusu \u015fudur:<\/p>\n<p>Yokohama Europe GmbH<br \/>Monschauerstr. 12<br \/>40549 D\u00fcsseldorf<br \/>Almanya<br \/>Telefon: 0211 53 74 05 0<br \/>E-posta: <a href=\"mailto:contact@yokohama.eu\">contact@yokohama.eu<\/a><\/p>\n<p>Veri sorumlusu, ki\u015fisel verilerin (\u00f6rne\u011fin isimler, e-posta adresleri vb.) i\u015flenmesine ili\u015fkin ama\u00e7lar ve kaynaklar konusunda tek ba\u015f\u0131na veya ba\u015fkalar\u0131yla birlikte kararlar alan ger\u00e7ek veya t\u00fczel ki\u015fidir.<\/p>\n<h3>Yasada \u00f6ng\u00f6r\u00fcld\u00fc\u011f\u00fc \u015fekilde bir veri koruma g\u00f6revlisinin atanmas\u0131<\/h3>\n<p>\u015eirketimiz i\u00e7in bir veri koruma g\u00f6revlisi atad\u0131k.<\/p>\n<p>Sanja Kudus-Besirevi\u0107<br \/>Bechtle GmbH<br \/>Piepersberg 42, 42653 Solingen<br \/>E-posta: <a href=\"mailto:datenschutz.solingen@bechtle.com\">datenschutz.solingen@bechtle.com<\/a><\/p>\n<h3>Verilerin i\u015flenmesine ili\u015fkin r\u0131zan\u0131z\u0131n geri al\u0131nmas\u0131<\/h3>\n<p>\u00c7ok \u00e7e\u015fitli veri i\u015fleme i\u015flemleri, yaln\u0131zca sizin a\u00e7\u0131k r\u0131zan\u0131z\u0131n bulunmas\u0131 ko\u015fuluyla ger\u00e7ekle\u015ftirilebilir. Ayr\u0131ca, bize daha \u00f6nce vermi\u015f oldu\u011funuz herhangi bir r\u0131zay\u0131 istedi\u011finiz zaman geri \u00e7ekebilirsiniz. Bu durum, r\u0131zan\u0131z\u0131 geri \u00e7ekmenizden \u00f6nce ger\u00e7ekle\u015ftirilen herhangi bir veri toplama i\u015fleminin hukuka uygunlu\u011funu etkilemez.<\/p>\n<h3>\u00d6zel durumlarda veri toplanmas\u0131na itiraz etme hakk\u0131; do\u011frudan reklamc\u0131l\u0131\u011fa itiraz etme hakk\u0131 (GDPR\u2019nin 21. maddesi)<\/h3>\n<p>Verilerin GDPR\u2019nin 6. maddesinin 1. f\u0131kras\u0131n\u0131n e veya f bendi uyar\u0131nca i\u015flenmesi durumunda, kendi \u00f6zel durumunuzdan kaynaklanan gerek\u00e7elerle ki\u015fisel verilerinizin i\u015flenmesine her zaman itiraz etme hakk\u0131na sahipsiniz. Bu durum, s\u00f6z konusu h\u00fck\u00fcmlere dayal\u0131 her t\u00fcrl\u00fc profil olu\u015fturma i\u015flemi i\u00e7in de ge\u00e7erlidir.<\/p>\n<p>Bir itirazda bulunursan\u0131z, verilerinizin i\u015flenmesine ili\u015fkin, sizin \u00e7\u0131karlar\u0131n\u0131z\u0131, haklar\u0131n\u0131z\u0131 ve \u00f6zg\u00fcrl\u00fcklerinizi a\u015fan ikna edici ve me\u015fru gerek\u00e7eler sunamad\u0131\u011f\u0131m\u0131z s\u00fcrece veya i\u015fleme amac\u0131n\u0131n yasal haklar\u0131n talep edilmesi, kullan\u0131lmas\u0131 ya da savunulmas\u0131 olmad\u0131\u011f\u0131 s\u00fcrece, etkilenen ki\u015fisel verilerinizi art\u0131k i\u015flemeyece\u011fiz.<\/p>\n<p>Ki\u015fisel verileriniz do\u011frudan reklamc\u0131l\u0131k amac\u0131yla i\u015fleniyorsa, s\u00f6z konusu reklamc\u0131l\u0131k ama\u00e7lar\u0131 do\u011frultusunda etkilenen ki\u015fisel verilerinizin i\u015flenmesine her an itiraz etme hakk\u0131na sahipsiniz. Bu durum, s\u00f6z konusu do\u011frudan reklamc\u0131l\u0131kla ba\u011flant\u0131l\u0131 oldu\u011fu \u00f6l\u00e7\u00fcde profil olu\u015fturma i\u015flemleri i\u00e7in de ge\u00e7erlidir. \u0130tiraz etmeniz halinde, ki\u015fisel verileriniz bundan sonra do\u011frudan reklamc\u0131l\u0131k amac\u0131yla kullan\u0131lmayacakt\u0131r.<\/p>\n<h3>Yetkili denetim kurumuna \u015fikayette bulunma hakk\u0131<\/h3>\n<p>GDPR\u2019nin ihlali durumunda, veri sahipleri, \u00f6zellikle genellikle ikamet ettikleri \u00fcye devlette, \u00e7al\u0131\u015ft\u0131klar\u0131 yerde veya ihlalin ger\u00e7ekle\u015fti\u011fi yerde bir denetim kurumuna \u015fikayette bulunma hakk\u0131na sahiptir. \u015eikayette bulunma hakk\u0131, yasal ba\u015fvuru yolu olarak kullan\u0131labilecek di\u011fer idari veya adli i\u015flemlerden ba\u011f\u0131ms\u0131z olarak ge\u00e7erlidir.<\/p>\n<h3>Veri ta\u015f\u0131nabilirli\u011fi hakk\u0131<\/h3>\n<p>Onay\u0131n\u0131z temelinde veya bir s\u00f6zle\u015fmeyi yerine getirmek amac\u0131yla otomatik olarak i\u015fledi\u011fimiz verilerin, yayg\u0131n olarak kullan\u0131lan, makine taraf\u0131ndan okunabilir bir formatta size veya bir \u00fc\u00e7\u00fcnc\u00fc tarafa teslim edilmesini talep etme hakk\u0131na sahipsiniz. Verilerin ba\u015fka bir veri sorumlusuna do\u011frudan aktar\u0131lmas\u0131n\u0131 talep etmeniz halinde, bu talep yaln\u0131zca teknik olarak m\u00fcmk\u00fcn oldu\u011fu takdirde yerine getirilecektir.<\/p>\n<h3>SSL ve\/veya TLS \u015fifreleme<\/h3>\n<p>G\u00fcvenlik nedenleriyle ve web sitesi i\u015fletmecisi olarak bize iletti\u011finiz sat\u0131n alma sipari\u015fleri veya talepler gibi gizli i\u00e7eriklerin aktar\u0131m\u0131n\u0131 korumak amac\u0131yla, bu web sitesi SSL veya TLS \u015fifreleme protokol\u00fcnden birini kullanmaktad\u0131r. \u015eifrelenmi\u015f bir ba\u011flant\u0131y\u0131, taray\u0131c\u0131n\u0131n adres \u00e7ubu\u011funda \u201chttp:\/\/\u201d yerine \u201chttps:\/\/\u201d yazd\u0131\u011f\u0131n\u0131 kontrol ederek ve taray\u0131c\u0131 \u00e7ubu\u011funda kilit simgesinin g\u00f6r\u00fcnmesinden anlayabilirsiniz.<\/p>\n<p>SSL veya TLS \u015fifreleme etkinle\u015ftirilmi\u015fse, bize iletti\u011finiz veriler \u00fc\u00e7\u00fcnc\u00fc taraflarca okunamaz.<\/p>\n<h3>Verilerle ilgili bilgiler, verilerin d\u00fczeltilmesi ve silinmesi<\/h3>\n<p>Y\u00fcr\u00fcrl\u00fckteki yasal h\u00fck\u00fcmler \u00e7er\u00e7evesinde, ar\u015fivlenmi\u015f ki\u015fisel verileriniz, bu verilerin kayna\u011f\u0131 ve al\u0131c\u0131lar\u0131 ile verilerinizin i\u015flenme amac\u0131 hakk\u0131nda her zaman bilgi talep etme hakk\u0131na sahipsiniz. Ayr\u0131ca, verilerinizin d\u00fczeltilmesini veya silinmesini talep etme hakk\u0131n\u0131z da olabilir. Bu konu hakk\u0131nda sorular\u0131n\u0131z veya ki\u015fisel verilerle ilgili ba\u015fka sorular\u0131n\u0131z varsa, l\u00fctfen \u201cYasalar\u0131n Gerektirdi\u011fi Bilgiler\u201d b\u00f6l\u00fcm\u00fcnde belirtilen adresten istedi\u011finiz zaman bizimle ileti\u015fime ge\u00e7mekten \u00e7ekinmeyin.\u201d<\/p>\n<h3>\u0130\u015fleme k\u0131s\u0131tlamalar\u0131 talep etme hakk\u0131<\/h3>\n<p>Ki\u015fisel verilerinizin i\u015flenmesiyle ilgili olarak k\u0131s\u0131tlama getirilmesini talep etme hakk\u0131na sahipsiniz. Bunun i\u00e7in, \u201cYasalar\u0131n Gerektirdi\u011fi Bilgiler\u201d b\u00f6l\u00fcm\u00fcnde belirtilen adres \u00fczerinden istedi\u011finiz zaman bizimle ileti\u015fime ge\u00e7ebilirsiniz. \u0130\u015flemenin k\u0131s\u0131tlanmas\u0131n\u0131 talep etme hakk\u0131 a\u015fa\u011f\u0131daki durumlarda ge\u00e7erlidir:<\/p>\n<ul>\n<li>Taraf\u0131m\u0131zca ar\u015fivlenen verilerinizin do\u011frulu\u011funa itiraz etmeniz durumunda, bu iddiay\u0131 do\u011frulamak i\u00e7in genellikle biraz zamana ihtiyac\u0131m\u0131z olacakt\u0131r. Bu inceleme devam etti\u011fi s\u00fcre boyunca, ki\u015fisel verilerinizin i\u015flenmesinin k\u0131s\u0131tlanmas\u0131n\u0131 talep etme hakk\u0131na sahipsiniz.<\/li>\n<li>Ki\u015fisel verilerinizin i\u015flenmesi hukuka ayk\u0131r\u0131 bir \u015fekilde ger\u00e7ekle\u015ftirilmi\u015fse veya ger\u00e7ekle\u015ftiriliyorsa, bu verilerin silinmesini talep etmek yerine, verilerinizin i\u015flenmesinin k\u0131s\u0131tlanmas\u0131n\u0131 talep etme se\u00e7ene\u011finiz bulunmaktad\u0131r.<\/li>\n<li>Ki\u015fisel verilerinize art\u0131k ihtiyac\u0131m\u0131z kalmazsa ve siz bu verileri yasal haklar\u0131n\u0131z\u0131 kullanmak, savunmak veya talep etmek i\u00e7in ihtiya\u00e7 duyuyorsan\u0131z, ki\u015fisel verilerinizin silinmesi yerine i\u015flenmesinin k\u0131s\u0131tlanmas\u0131n\u0131 talep etme hakk\u0131na sahipsiniz.<\/li>\n<li>GDPR\u2019nin 21. maddesinin 1. f\u0131kras\u0131 uyar\u0131nca bir itirazda bulunduysan\u0131z, sizin haklar\u0131n\u0131z ile bizim haklar\u0131m\u0131z birbiriyle kar\u015f\u0131la\u015ft\u0131r\u0131larak de\u011ferlendirilmelidir. Kimin menfaatlerinin \u00f6ncelikli oldu\u011fu belirlenene kadar, ki\u015fisel verilerinizin i\u015flenmesinin k\u0131s\u0131tlanmas\u0131n\u0131 talep etme hakk\u0131na sahipsiniz.<\/li>\n<\/ul>\n<p>Ki\u015fisel verilerinizin i\u015flenmesini k\u0131s\u0131tlad\u0131ysan\u0131z, bu veriler \u2013 ar\u015fivlenmesi hari\u00e7 \u2013 yaln\u0131zca sizin r\u0131zan\u0131z\u0131n varl\u0131\u011f\u0131 durumunda veya yasal haklar\u0131n talep edilmesi, kullan\u0131lmas\u0131 ya da savunulmas\u0131 amac\u0131yla, ya da di\u011fer ger\u00e7ek veya t\u00fczel ki\u015filerin haklar\u0131n\u0131n korunmas\u0131 amac\u0131yla ya da Avrupa Birli\u011fi veya bir AB \u00fcye devleti taraf\u0131ndan belirtilen \u00f6nemli kamu yarar\u0131 nedenleriyle i\u015flenebilir.<\/p>\n<h3>\u0130stenmeyen e-postalar\u0131n reddedilmesi<\/h3>\n<p>\u0130\u015fbu belge ile, \u201cYasalarca Zorunlu Bilgiler\u201d b\u00f6l\u00fcm\u00fcnde yer alan zorunlu bilgilerle birlikte yay\u0131nlanan ileti\u015fim bilgilerinin, taraf\u0131m\u0131zdan a\u00e7\u0131k\u00e7a talep edilmemi\u015f tan\u0131t\u0131m ve bilgilendirme materyallerinin g\u00f6nderilmesi amac\u0131yla kullan\u0131lmas\u0131na itiraz ediyoruz. Bu web sitesinin ve sayfalar\u0131n\u0131n i\u015fletmecileri, a\u015fa\u011f\u0131daki \u00f6nlemleri alma hakk\u0131n\u0131 a\u00e7\u0131k\u00e7a sakl\u0131 tutar:<\/p>\n<h2>4. Bu web sitesinde verilerin kaydedilmesi<\/h2>\n<h3>\u00c7erezler<\/h3>\n<p>Web sitelerimiz ve sayfalar\u0131m\u0131z, sekt\u00f6rde \u201c\u00e7erezler\u201d olarak adland\u0131r\u0131lan unsurlar\u0131 kullanmaktad\u0131r. \u00c7erezler, cihaz\u0131n\u0131za herhangi bir zarar vermeyen k\u00fc\u00e7\u00fck metin dosyalar\u0131d\u0131r. Bu dosyalar ya oturum s\u00fcresince ge\u00e7ici olarak saklan\u0131r (oturum \u00e7erezleri) ya da cihaz\u0131n\u0131zda kal\u0131c\u0131 olarak ar\u015fivlenir (kal\u0131c\u0131 \u00e7erezler). Oturum \u00e7erezleri, ziyaretinizi sonland\u0131rd\u0131\u011f\u0131n\u0131zda otomatik olarak silinir. Kal\u0131c\u0131 \u00e7erezler ise siz bunlar\u0131 aktif olarak silene kadar veya web taray\u0131c\u0131n\u0131z taraf\u0131ndan otomatik olarak ortadan kald\u0131r\u0131lana kadar cihaz\u0131n\u0131zda saklan\u0131r.<\/p>\n<p>Baz\u0131 durumlarda, sitemize girdi\u011finizde cihaz\u0131n\u0131zda \u00fc\u00e7\u00fcnc\u00fc taraf \u00e7erezleri depolanabilir (\u00fc\u00e7\u00fcnc\u00fc taraf \u00e7erezleri). Bu \u00e7erezler, sizin veya bizim, \u00fc\u00e7\u00fcnc\u00fc taraflarca sunulan belirli hizmetlerden yararlanmam\u0131z\u0131 sa\u011flar.<\/p>\n<p>\u00c7erezlerin \u00e7e\u015fitli i\u015flevleri vard\u0131r. Baz\u0131 web sitesi i\u015flevleri \u00e7erezler olmadan \u00e7al\u0131\u015fmayaca\u011f\u0131ndan, bir\u00e7ok \u00e7erez teknik a\u00e7\u0131dan zorunludur. Di\u011fer \u00e7erezlerin amac\u0131 ise kullan\u0131c\u0131 davran\u0131\u015flar\u0131n\u0131n analiz edilmesi veya tan\u0131t\u0131m mesajlar\u0131n\u0131n g\u00f6sterilmesi olabilir.<\/p>\n<p>Elektronik ileti\u015fim i\u015flemlerinin ger\u00e7ekle\u015ftirilmesi i\u00e7in gerekli olan \u00e7erezler, kullanmak istedi\u011finiz belirli i\u015flevlerin sa\u011flanmas\u0131 i\u00e7in gerekli olan \u00e7erezler veya web sitesinin optimizasyonu i\u00e7in gerekli olan \u00e7erezler, aksi belirtilmedik\u00e7e, GDPR\u2019nin 6. maddesinin 1. f\u0131kras\u0131n\u0131n f bendi uyar\u0131nca saklanacakt\u0131r. Web sitesinin i\u015fletmecisi, hizmetlerinin teknik a\u00e7\u0131dan hatas\u0131z ve optimize edilmi\u015f bir \u015fekilde sunulmas\u0131n\u0131 sa\u011flamak amac\u0131yla \u00e7erezlerin saklanmas\u0131nda me\u015fru menfaate sahiptir. \u00c7erezlerin saklanmas\u0131na ili\u015fkin r\u0131zan\u0131z istenmi\u015fse, ilgili \u00e7erezler yaln\u0131zca al\u0131nan r\u0131za temelinde saklan\u0131r; bu r\u0131za her zaman geri \u00e7ekilebilir.<\/p>\n<p>Taray\u0131c\u0131n\u0131z\u0131, \u00e7erezler yerle\u015ftirildi\u011finde her seferinde bildirim alaca\u011f\u0131n\u0131z ve \u00e7erezlerin kabul\u00fcne yaln\u0131zca belirli durumlarda izin verece\u011finiz \u015fekilde ayarlama se\u00e7ene\u011finiz bulunmaktad\u0131r. Ayr\u0131ca, belirli durumlarda veya genel olarak \u00e7erezlerin kabul edilmesini engelleyebilir ya da taray\u0131c\u0131 kapat\u0131ld\u0131\u011f\u0131nda \u00e7erezlerin otomatik olarak silinmesi i\u00e7in silme i\u015flevini etkinle\u015ftirebilirsiniz. \u00c7erezler devre d\u0131\u015f\u0131 b\u0131rak\u0131l\u0131rsa, bu web sitesinin i\u015flevleri s\u0131n\u0131rlanabilir.<\/p>\n<p>\u00dc\u00e7\u00fcnc\u00fc taraf \u00e7erezlerinin kullan\u0131lmas\u0131 veya \u00e7erezlerin analiz ama\u00e7l\u0131 kullan\u0131lmas\u0131 durumunda, sizi bu Veri Koruma Politikas\u0131 kapsam\u0131nda ayr\u0131 olarak bilgilendirece\u011fiz ve uygun oldu\u011fu hallerde onay\u0131n\u0131z\u0131 isteyece\u011fiz.<\/p>\n<h3>Sunucu g\u00fcnl\u00fck dosyalar\u0131<\/h3>\n<p>Bu web sitesinin ve sayfalar\u0131n\u0131n sa\u011flay\u0131c\u0131s\u0131, taray\u0131c\u0131n\u0131z\u0131n bize otomatik olarak iletti\u011fi bilgileri, s\u00f6zde sunucu g\u00fcnl\u00fck dosyalar\u0131nda otomatik olarak toplar ve saklar. Bu bilgiler \u015funlardan olu\u015fur:<\/p>\n<ul>\n<li>Kullan\u0131lan taray\u0131c\u0131n\u0131n t\u00fcr\u00fc ve s\u00fcr\u00fcm\u00fc<\/li>\n<li>Kullan\u0131lan i\u015fletim sistemi<\/li>\n<li>Y\u00f6nlendiren URL<\/li>\n<li>Eri\u015fim sa\u011flayan bilgisayar\u0131n ana bilgisayar ad\u0131<\/li>\n<li>Sunucu sorgusunun zaman\u0131<\/li>\n<li>IP adresi<\/li>\n<\/ul>\n<p>Bu veriler di\u011fer veri kaynaklar\u0131yla birle\u015ftirilmez.<\/p>\n<p>Bu veriler, GDPR\u2019nin 6. maddesinin 1. f\u0131kras\u0131n\u0131n f bendi uyar\u0131nca kaydedilmektedir. Web sitesinin i\u015fletmecisi, web sitesinin teknik a\u00e7\u0131dan hatas\u0131z bir \u015fekilde g\u00f6r\u00fcnt\u00fclenmesi ve optimize edilmesi konusunda me\u015fru bir menfaate sahiptir. Bunun sa\u011flanabilmesi i\u00e7in sunucu g\u00fcnl\u00fck dosyalar\u0131n\u0131n kaydedilmesi gerekmektedir.<\/p>\n<h3>\u0130leti\u015fim formu<\/h3>\n<p>\u0130leti\u015fim formumuz arac\u0131l\u0131\u011f\u0131yla bize soru g\u00f6nderirseniz, ileti\u015fim formunda sa\u011flad\u0131\u011f\u0131n\u0131z bilgiler ve bu formda yer alan t\u00fcm ileti\u015fim bilgileri, sorunuzu de\u011ferlendirebilmemiz ve size ek sorular\u0131m\u0131z olmas\u0131 durumunda kullan\u0131lmak \u00fczere taraf\u0131m\u0131zca saklanacakt\u0131r. Bu bilgileri, sizin izniniz olmadan payla\u015fmayaca\u011f\u0131z.<\/p>\n<p>Talebiniz bir s\u00f6zle\u015fmenin ifas\u0131yla ilgiliyse veya s\u00f6zle\u015fme \u00f6ncesi i\u015flemlerin ger\u00e7ekle\u015ftirilmesi i\u00e7in gerekliyse, bu verilerin i\u015flenmesi GDPR\u2019nin 6. maddesinin 1. f\u0131kras\u0131n\u0131n b bendi temelinde ger\u00e7ekle\u015ftirilir. Di\u011fer t\u00fcm durumlarda, i\u015fleme, bize iletilen taleplerin etkin bir \u015fekilde i\u015flenmesine y\u00f6nelik me\u015fru menfaatimize veya talep edilmesi halinde sizin r\u0131zan\u0131za dayanmaktad\u0131r.<\/p>\n<p>\u0130leti\u015fim formuna girdi\u011finiz bilgiler, siz bizden verilerin silinmesini talep edene, verilerin saklanmas\u0131na ili\u015fkin r\u0131zan\u0131z\u0131 geri \u00e7ekene veya bilgilerin saklanma amac\u0131n\u0131n ortadan kalkmas\u0131na kadar bizde kalacakt\u0131r. Bu durum, zorunlu yasal h\u00fck\u00fcmlere \u2013 \u00f6zellikle de saklama s\u00fcrelerine \u2013 halel getirmez.<\/p>\n<h3>E-posta, telefon veya faks yoluyla talepte bulunma<\/h3>\n<p>Bize e-posta, telefon veya faks yoluyla ula\u015f\u0131rsan\u0131z, talebiniz ve bununla ba\u011flant\u0131l\u0131 t\u00fcm ki\u015fisel veriler (ad, talep) talebinizi i\u015fleme koymak amac\u0131yla taraf\u0131m\u0131zca saklanacak ve i\u015flenecektir. Bu verileri, sizin izniniz olmadan \u00fc\u00e7\u00fcnc\u00fc \u015fah\u0131slara aktarmay\u0131z.<\/p>\n<p>Talebiniz bir s\u00f6zle\u015fmenin yerine getirilmesiyle ilgiliyse veya s\u00f6zle\u015fme \u00f6ncesi i\u015flemlerin ger\u00e7ekle\u015ftirilmesi i\u00e7in gerekliyse, bu veriler GDPR\u2019nin 6. maddesinin 1. f\u0131kras\u0131n\u0131n b bendi uyar\u0131nca i\u015flenir. Di\u011fer t\u00fcm durumlarda, veriler bize iletilen taleplerin etkin bir \u015fekilde ele al\u0131nmas\u0131na y\u00f6nelik me\u015fru menfaatimiz temelinde veya r\u0131zan\u0131z al\u0131nm\u0131\u015fsa bu r\u0131za temelinde i\u015flenir.<\/p>\n<p>\u0130leti\u015fim talepleri yoluyla bize g\u00f6nderdi\u011finiz veriler, siz silinmesini talep edene, verilerin saklanmas\u0131na ili\u015fkin onay\u0131n\u0131z\u0131 geri \u00e7ekene veya veri saklama amac\u0131n\u0131n ortadan kalkmas\u0131na kadar bizde kal\u0131r. Zorunlu yasal h\u00fck\u00fcmler \u2013 \u00f6zellikle yasal saklama s\u00fcreleri \u2013 bundan etkilenmez.<\/p>\n<h3>Bu web sitesine kay\u0131t<\/h3>\n<p>Bu web sitesinde kay\u0131t olarak, sitenin ek i\u015flevlerinden yararlanma imk\u00e2n\u0131na sahip olabilirsiniz. Girdi\u011finiz verileri, yaln\u0131zca kay\u0131t oldu\u011funuz ilgili teklif veya hizmeti kullanman\u0131z amac\u0131yla i\u015fleyece\u011fiz. Kay\u0131t s\u0131ras\u0131nda talep etti\u011fimiz zorunlu bilgilerin eksiksiz olarak girilmesi gerekmektedir. Aksi takdirde kayd\u0131 reddedece\u011fiz.<\/p>\n<p>Portf\u00f6y\u00fcm\u00fcz\u00fcn kapsam\u0131ndaki \u00f6nemli de\u011fi\u015fiklikler hakk\u0131nda sizi bilgilendirmek veya teknik de\u011fi\u015fiklikler olmas\u0131 durumunda, kay\u0131t i\u015flemi s\u0131ras\u0131nda verdi\u011finiz e-posta adresini kullanaca\u011f\u0131z.<\/p>\n<p>Kay\u0131t i\u015flemi s\u0131ras\u0131nda girilen verileri, r\u0131zan\u0131za dayanarak i\u015fleyece\u011fiz (GDPR Madde 6, 1. F\u0131kra, a bendi).<\/p>\n<p>Kay\u0131t i\u015flemi s\u0131ras\u0131nda kaydedilen veriler, bu web sitesinde kay\u0131tl\u0131 oldu\u011funuz s\u00fcrece taraf\u0131m\u0131zca saklanacakt\u0131r. Daha sonra bu veriler silinecektir. Bu durum, yasal olarak zorunlu saklama y\u00fck\u00fcml\u00fcl\u00fcklerini etkilemez.<\/p>\n<h2>5. Sosyal medya<\/h2>\n<h3>Sosyal medya eklentileri<\/h3>\n<p>Bu web sitesinde ve sayfalar\u0131nda sosyal medya a\u011flar\u0131na ait eklentiler kullan\u0131yoruz (\u00f6rn. Facebook, Twitter, Instagram, Pinterest, XING, LinkedIn, Tumblr).<\/p>\n<p>Genel olarak, bu eklentileri, \u00fczerinde g\u00f6r\u00fcnen ilgili sosyal medya logolar\u0131ndan tan\u0131yabilirsiniz. Bu web sitesindeki verilerin korunmas\u0131n\u0131 sa\u011flamak amac\u0131yla, bu eklentileri yaln\u0131zca \u201cShariff\u201d adl\u0131 \u00e7\u00f6z\u00fcmle birlikte kullan\u0131yoruz. Bu uygulama, web sitemize girdi\u011finiz anda, bu web sitesine entegre edilmi\u015f eklentilerin ilgili sa\u011flay\u0131c\u0131ya veri aktarmas\u0131n\u0131 engeller.<\/p>\n<p>\u0130lgili d\u00fc\u011fmeye t\u0131klayarak ilgili eklentiyi etkinle\u015ftirene kadar, sa\u011flay\u0131c\u0131n\u0131n sunucusuna do\u011frudan bir ba\u011flant\u0131 kurulmaz. Eklentiyi etkinle\u015ftirir etmez, ilgili sa\u011flay\u0131c\u0131, IP adresinizle bu web sitesini ziyaret etti\u011finiz bilgisini al\u0131r. Ayn\u0131 anda ilgili sosyal medya hesab\u0131n\u0131zda oturum a\u00e7m\u0131\u015fsan\u0131z, ilgili sa\u011flay\u0131c\u0131 bu web sitesine yapt\u0131\u011f\u0131n\u0131z ziyareti kullan\u0131c\u0131 hesab\u0131n\u0131zla ili\u015fkilendirebilir.<\/p>\n<p>Eklentinin etkinle\u015ftirilmesi, GDPR\u2019nin 6. maddesinin 1. f\u0131kras\u0131n\u0131n a bendi uyar\u0131nca bir r\u0131za beyan\u0131 te\u015fkil eder. Bu r\u0131zay\u0131 istedi\u011finiz zaman geri \u00e7ekebilirsiniz; bu karar, gelecekteki t\u00fcm i\u015flemler i\u00e7in ge\u00e7erli olacakt\u0131r.<\/p>\n<h3>Twitter eklentisi<\/h3>\n<p>Bu web sitesine Twitter sosyal medya platformunun baz\u0131 i\u015flevlerini entegre ettik. Bu i\u015flevler, Twitter Inc. (1355 Market Street, Suite 900, San Francisco, CA 94103, ABD) taraf\u0131ndan sa\u011flanmaktad\u0131r. Twitter'\u0131 ve \u201cRe-Tweet\u201d i\u015flevini kulland\u0131\u011f\u0131n\u0131zda, ziyaret etti\u011finiz web siteleri Twitter hesab\u0131n\u0131zla ili\u015fkilendirilir ve di\u011fer kullan\u0131c\u0131lara g\u00f6sterilir. Bu s\u00fcre\u00e7te veriler Twitter'a da aktar\u0131l\u0131r.<\/p>\n<p>\u015eunu belirtmek zorunday\u0131z ki, bu web sitesinin ve sayfalar\u0131n\u0131n sa\u011flay\u0131c\u0131lar\u0131 olarak, aktar\u0131lan verilerin i\u00e7eri\u011fi ve Twitter\u2019\u0131n bu bilgileri nas\u0131l kulland\u0131\u011f\u0131 konusunda hi\u00e7bir bilgimiz yoktur.<\/p>\n<p>Twitter eklentilerinin kullan\u0131m\u0131, GDPR\u2019nin 6. maddesinin 1. f\u0131kras\u0131n\u0131n f bendi uyar\u0131nca ger\u00e7ekle\u015ftirilmektedir. Web sitesinin i\u015fletmecisi, sosyal medyada olabildi\u011fince g\u00f6r\u00fcn\u00fcr olmak konusunda me\u015fru bir menfaate sahiptir. \u0130lgili r\u0131za beyan\u0131 al\u0131nm\u0131\u015fsa, veriler m\u00fcnhas\u0131ran GDPR Madde 6, Paragraf 1, a bendi uyar\u0131nca i\u015flenir. Bu r\u0131za beyan\u0131 her an geri \u00e7ekilebilir.<\/p>\n<p>Twitter'da hesap ayarlar\u0131 b\u00f6l\u00fcm\u00fcnden veri koruma ayarlar\u0131n\u0131z\u0131 s\u0131f\u0131rlama se\u00e7ene\u011finiz bulunmaktad\u0131r.<\/p>\n<h2>6. Analiz ara\u00e7lar\u0131 ve reklamc\u0131l\u0131k<\/h2>\n<h3>Google Analytics<\/h3>\n<p>Bu web sitesi, Google Analytics web analizi hizmetinin i\u015flevlerini kullanmaktad\u0131r. Bu hizmetin sa\u011flay\u0131c\u0131s\u0131, Google Ireland Limited (Gordon House, Barrow Street, Dublin 4, \u0130rlanda) \u015firketidir.<\/p>\n<p>Google Analytics, web sitesi i\u015fletmecisinin web sitesi ziyaret\u00e7ilerinin davran\u0131\u015f kal\u0131plar\u0131n\u0131 analiz etmesini sa\u011flar. Bu ama\u00e7la, web sitesi i\u015fletmecisi, eri\u015filen sayfalar, sayfada ge\u00e7irilen s\u00fcre, kullan\u0131lan i\u015fletim sistemi ve kullan\u0131c\u0131n\u0131n bulundu\u011fu konum gibi \u00e7e\u015fitli kullan\u0131c\u0131 verilerini al\u0131r. Google, bu verileri ilgili kullan\u0131c\u0131ya veya kullan\u0131c\u0131n\u0131n cihaz\u0131na atanan bir profilde birle\u015ftirebilir.<\/p>\n<p>Google Analytics, kullan\u0131c\u0131 davran\u0131\u015f kal\u0131plar\u0131n\u0131 analiz etmek amac\u0131yla kullan\u0131c\u0131n\u0131n tan\u0131mlanmas\u0131n\u0131 sa\u011flayan teknolojiler kullan\u0131r. Google taraf\u0131ndan kaydedilen web sitesi kullan\u0131m bilgileri, kural olarak ABD\u2019deki bir Google sunucusuna aktar\u0131l\u0131r ve burada saklan\u0131r.<\/p>\n<p>Bu analiz arac\u0131, GDPR\u2019nin 6. maddesinin 1. f\u0131kras\u0131n\u0131n f bendi uyar\u0131nca kullan\u0131lmaktad\u0131r. Bu web sitesinin i\u015fletmecisi, hem \u00e7evrimi\u00e7i olarak sunulan hizmetleri hem de kendi reklam faaliyetlerini optimize etmek amac\u0131yla kullan\u0131c\u0131 davran\u0131\u015flar\u0131n\u0131n analizinde me\u015fru menfaate sahiptir. \u0130lgili bir onay talep edilmi\u015fse, i\u015fleme faaliyetleri m\u00fcnhas\u0131ran GDPR Madde 6, Paragraf 1, a bendi uyar\u0131nca ger\u00e7ekle\u015ftirilir. Onay, herhangi bir zamanda geri \u00e7ekilebilir.<\/p>\n<h3>IP adreslerinin anonimle\u015ftirilmesi<\/h3>\n<p>Bu web sitesinde IP adresi anonimle\u015ftirme i\u015flevini etkinle\u015ftirdik. Bu sayede, IP adresiniz Amerika Birle\u015fik Devletleri\u2019ne aktar\u0131lmadan \u00f6nce Google taraf\u0131ndan Avrupa Birli\u011fi \u00fcye \u00fclkeleri veya Avrupa Ekonomik Alan\u0131 S\u00f6zle\u015fmesi\u2019ni onaylam\u0131\u015f di\u011fer \u00fclkeler i\u00e7inde k\u0131salt\u0131lacakt\u0131r. Tam IP adresi, ABD\u2019deki Google sunucular\u0131ndan birine aktar\u0131lacak ve yaln\u0131zca istisnai durumlarda orada k\u0131salt\u0131lacakt\u0131r.<\/p>\n<p>Google, bu web sitesinin i\u015fletmecisi ad\u0131na bu bilgileri, web sitesini kullan\u0131m\u0131n\u0131z\u0131 analiz etmek, web sitesi faaliyetlerine ili\u015fkin raporlar olu\u015fturmak ve web sitesinin i\u015fletmecisine web sitesi ve internet kullan\u0131m\u0131yla ilgili di\u011fer hizmetleri sunmak amac\u0131yla kullanacakt\u0131r. Taray\u0131c\u0131n\u0131zdan Google Analytics ile birlikte iletilen IP adresi, Google\u2019\u0131n elindeki di\u011fer verilerle birle\u015ftirilmeyecektir.<\/p>\n<h3>Taray\u0131c\u0131 eklentisi<\/h3>\n<p>Onay y\u00f6netiminden pazarlama ama\u00e7l\u0131 \u00e7erezlerin i\u015faretini kald\u0131rarak veya bir taray\u0131c\u0131 eklentisini indirip y\u00fckleyerek, Google taraf\u0131ndan verilerinizin toplanmas\u0131n\u0131 ve i\u015flenmesini engelleyebilirsiniz.<\/p>\n<h3>S\u00f6zle\u015fmeye dayal\u0131 veri i\u015fleme<\/h3>\n<p>Google ile bir veri i\u015fleme s\u00f6zle\u015fmesi imzalad\u0131k ve Google Analytics\u2019i kullan\u0131rken Alman veri koruma kurumlar\u0131n\u0131n kat\u0131 h\u00fck\u00fcmlerini tam anlam\u0131yla uyguluyoruz.<\/p>\n<h3>Ar\u015fivleme s\u00fcresi<\/h3>\n<p>Google taraf\u0131ndan \u00e7erezlere, kullan\u0131c\u0131 kimliklerine veya reklam kimliklerine ba\u011fl\u0131 olarak saklanan kullan\u0131c\u0131 veya olay d\u00fczeyindeki veriler, 14 ay\u0131n ard\u0131ndan anonim hale getirilecek veya silinecektir.<\/p>\n<h2>7. Haber B\u00fclteni<\/h2>\n<h3>Haber b\u00fclteni verileri<\/h3>\n<p>Bu web sitesinde sunulan haber b\u00fcltenine abone olmak isterseniz, sizden bir e-posta adresinin yan\u0131 s\u0131ra, verdi\u011finiz e-posta adresinin sahibi oldu\u011funuzu ve haber b\u00fcltenini almay\u0131 kabul etti\u011finizi do\u011frulamam\u0131za olanak tan\u0131yan bilgilere ihtiyac\u0131m\u0131z olacakt\u0131r. Ba\u015fka hi\u00e7bir veri toplanmayacakt\u0131r ya da yaln\u0131zca g\u00f6n\u00fcll\u00fcl\u00fck esas\u0131na g\u00f6re toplanacakt\u0131r. Bu verileri yaln\u0131zca talep edilen bilgilerin g\u00f6nderilmesi amac\u0131yla kullanaca\u011f\u0131z ve bu verileri hi\u00e7bir \u00fc\u00e7\u00fcnc\u00fc tarafla payla\u015fmayaca\u011f\u0131z.<\/p>\n<p>Haber b\u00fclteni abonelik formuna girilen bilgilerin i\u015flenmesi, m\u00fcnhas\u0131ran sizin r\u0131zan\u0131za dayal\u0131 olarak ger\u00e7ekle\u015ftirilecektir (GDPR Madde 6, 1. F\u0131kra, a bendi). Verilerin saklanmas\u0131, e-posta adresinizin toplanmas\u0131 ve bu bilgilerin haber b\u00fclteninin g\u00f6nderilmesi amac\u0131yla kullan\u0131lmas\u0131na ili\u015fkin verdi\u011finiz r\u0131zay\u0131, \u00f6rne\u011fin haber b\u00fcltenindeki \u201cAboneli\u011fi \u0130ptal Et\u201d ba\u011flant\u0131s\u0131na t\u0131klayarak istedi\u011finiz zaman geri \u00e7ekebilirsiniz. Bu durum, bug\u00fcne kadar ger\u00e7ekle\u015ftirilmi\u015f olan veri i\u015fleme i\u015flemlerinin hukuka uygunlu\u011funu etkilemez.<\/p>\n<p>Haber b\u00fcltenine abone olmak amac\u0131yla bize iletilen veriler, siz haber b\u00fclteninden aboneli\u011finizi iptal edene kadar veya haber b\u00fclteni hizmet sa\u011flay\u0131c\u0131s\u0131 taraf\u0131ndan saklanacak ve aboneli\u011finizi iptal ettikten sonra haber b\u00fclteni da\u011f\u0131t\u0131m listesinden silinecektir. Bizde ba\u015fka ama\u00e7larla saklanan veriler ise bundan etkilenmeyecektir.<\/p>\n<p>Haber b\u00fclteni da\u011f\u0131t\u0131m listesinden aboneli\u011finizi iptal ettikten sonra, gelecekteki g\u00f6nderimleri \u00f6nlemek amac\u0131yla e-posta adresiniz taraf\u0131m\u0131zca veya haber b\u00fclteni hizmet sa\u011flay\u0131c\u0131s\u0131 taraf\u0131ndan bir kara listeye kaydedilebilir. Kara listedeki veriler yaln\u0131zca bu ama\u00e7la kullan\u0131l\u0131r ve di\u011fer verilerle birle\u015ftirilmez. Bu, haber b\u00fcltenlerinin g\u00f6nderilmesinde yasal gerekliliklere uymak konusunda hem sizin hem de bizim menfaatimize hizmet eder (GDPR Madde 6, paragraf 1, f bendi anlam\u0131nda me\u015fru menfaat). Kara listede saklama s\u00fcresi s\u00fcresizdir. Menfaatleriniz bizim me\u015fru menfaatimizden daha a\u011f\u0131r bas\u0131yorsa, bu saklamaya itiraz edebilirsiniz.<\/p>\n<h2>8. Eklentiler ve Ara\u00e7lar<\/h2>\n<h3>YouTube<\/h3>\n<p>Bu web sitesi, YouTube sitesinden videolar bar\u0131nd\u0131rmaktad\u0131r. Sitenin i\u015fletmecisi Google Ireland Limited, Gordon House, Barrow Street, Dublin 4, \u0130rlanda\u2019d\u0131r.<\/p>\n<p>Bu web sitesinde YouTube videosunun yer ald\u0131\u011f\u0131 bir sayfay\u0131 ziyaret ederseniz, YouTube sunucular\u0131yla bir ba\u011flant\u0131 kurulacakt\u0131r. Bunun sonucunda, YouTube sunucusuna hangi sayfalar\u0131m\u0131z\u0131 ziyaret etti\u011finiz bildirilecektir.<\/p>\n<p>Ayr\u0131ca, YouTube, cihaz\u0131n\u0131za \u00e7e\u015fitli \u00e7erezler veya benzer teknolojiler yerle\u015ftirerek sizi tan\u0131yabilecektir. Bu sayede YouTube, bu web sitesinin ziyaret\u00e7ileri hakk\u0131nda bilgi edinebilecektir. Bu bilgiler, di\u011fer ama\u00e7lar\u0131n yan\u0131 s\u0131ra, video istatistikleri olu\u015fturmak, sitenin kullan\u0131c\u0131 dostu olmas\u0131n\u0131 sa\u011flamak ve doland\u0131r\u0131c\u0131l\u0131k giri\u015fimlerini \u00f6nlemek i\u00e7in kullan\u0131lacakt\u0131r.<\/p>\n<p>Sitemizi ziyaret ederken YouTube hesab\u0131n\u0131zda oturum a\u00e7m\u0131\u015fsan\u0131z, YouTube\u2019un tarama al\u0131\u015fkanl\u0131klar\u0131n\u0131z\u0131 do\u011frudan ki\u015fisel profilinize atamas\u0131na izin vermi\u015f olursunuz. YouTube hesab\u0131n\u0131zdan \u00e7\u0131k\u0131\u015f yaparak bunu engelleyebilirsiniz.<\/p>\n<p>YouTube\u2019un kullan\u0131m\u0131, \u00e7evrimi\u00e7i i\u00e7eri\u011fimizi \u00e7ekici bir \u015fekilde sunma amac\u0131m\u0131za dayanmaktad\u0131r. GDPR Madde 6, Paragraf 1, f bendi uyar\u0131nca bu, me\u015fru bir menfaattir. \u0130lgili r\u0131za talep edilmi\u015fse, i\u015fleme faaliyetleri m\u00fcnhas\u0131ran GDPR Madde 6, Paragraf 1, a bendi temelinde ger\u00e7ekle\u015ftirilir. R\u0131za, herhangi bir zamanda geri \u00e7ekilebilir.<\/p>\n<h3>Google Web Yaz\u0131 Tipleri<\/h3>\n<p>Bu web sitesinde kullan\u0131lan yaz\u0131 tiplerinin tutarl\u0131 olmas\u0131n\u0131 sa\u011flamak amac\u0131yla, bu web sitesi Google taraf\u0131ndan sa\u011flanan \u201cWeb Yaz\u0131 Tipleri\u201dni kullanmaktad\u0131r. Web sitemizdeki bir sayfaya eri\u015fti\u011finizde, taray\u0131c\u0131n\u0131z metinleri ve yaz\u0131 tiplerini do\u011fru \u015fekilde g\u00f6r\u00fcnt\u00fclemek i\u00e7in gerekli web yaz\u0131 tiplerini taray\u0131c\u0131 \u00f6nbelle\u011finize y\u00fckler.<\/p>\n<p>Bunun i\u00e7in, kulland\u0131\u011f\u0131n\u0131z taray\u0131c\u0131n\u0131n Google\u2019\u0131n sunucular\u0131yla bir ba\u011flant\u0131 kurmas\u0131 gerekecektir. Sonu\u00e7 olarak, Google, bu web sitesine eri\u015fim i\u00e7in IP adresinizin kullan\u0131ld\u0131\u011f\u0131n\u0131 \u00f6\u011frenecektir.<\/p>\n<p>Google Web Fonts\u2019un kullan\u0131m\u0131, GDPR\u2019nin 6. maddesinin 1. f\u0131kras\u0131n\u0131n f bendi temelinde ger\u00e7ekle\u015ftirilmektedir. Web sitesi i\u015fletmecisinin, kendi web sitesinde yaz\u0131 tipinin tek tip bir \u015fekilde sunulmas\u0131 konusunda me\u015fru menfaati bulunmaktad\u0131r. \u0130lgili r\u0131za beyan\u0131 al\u0131nm\u0131\u015fsa, veriler yaln\u0131zca GDPR Madde 6, Paragraf 1, a bendi temelinde i\u015flenecektir. Bu t\u00fcr bir r\u0131za her zaman geri al\u0131nabilir.<\/p>\n<p>Taray\u0131c\u0131n\u0131z Web Yaz\u0131 Tiplerini desteklemiyorsa, bilgisayar\u0131n\u0131zda y\u00fckl\u00fc olan standart bir yaz\u0131 tipi kullan\u0131lacakt\u0131r.<\/p>\n<h3>Google Haritalar<\/h3>\n<p>Bu web sitesi, bir API arac\u0131l\u0131\u011f\u0131yla Google Maps harita hizmetini kullanmaktad\u0131r. Hizmet sa\u011flay\u0131c\u0131, Google Ireland Limited, Gordon House, Barrow Street, Dublin 4, \u0130rlanda\u2019d\u0131r.<\/p>\n<p>Google Haritalar \u00f6zelliklerinin kullan\u0131labilmesi i\u00e7in IP adresinizin kaydedilmesi gerekmektedir. Kural olarak, bu bilgiler ABD\u2019deki Google sunucular\u0131ndan birine aktar\u0131l\u0131r ve burada saklan\u0131r. Bu web sitesinin i\u015fletmecisi, veri aktar\u0131m\u0131 \u00fczerinde herhangi bir kontrol sahibi de\u011fildir.<\/p>\n<p>\u00c7evrimi\u00e7i i\u00e7eri\u011fimizi \u00e7ekici bir \u015fekilde sunmak ve web sitemizde belirtilen konumlar\u0131n kolayca bulunabilmesini sa\u011flamak amac\u0131yla Google Haritalar\u2019\u0131 kullan\u0131yoruz. Bu, GDPR\u2019nin 6. maddesinin 1. f\u0131kras\u0131n\u0131n f bendi uyar\u0131nca tan\u0131mlanan me\u015fru menfaati olu\u015fturmaktad\u0131r. \u0130lgili r\u0131za beyan\u0131 al\u0131nm\u0131\u015fsa, veriler yaln\u0131zca GDPR Madde 6, Paragraf 1, f\u0131kra a uyar\u0131nca i\u015flenecektir. Bu r\u0131za beyan\u0131 herhangi bir zamanda geri \u00e7ekilebilir.<\/p>\n<h2>9. \u00d6zel Hizmetler<\/h2>\n<h3>\u0130\u015f Ba\u015fvurular\u0131<\/h3>\n<p>Web sitesi ziyaret\u00e7ilerine bize i\u015f ba\u015fvurusu yapma imk\u00e2n\u0131 sunuyoruz (\u00f6rne\u011fin e-posta yoluyla, posta yoluyla veya \u00e7evrimi\u00e7i i\u015f ba\u015fvuru formunu doldurarak). A\u015fa\u011f\u0131da, ba\u015fvuru s\u00fcreci kapsam\u0131nda sizden toplanan ki\u015fisel verilerin kapsam\u0131, amac\u0131 ve kullan\u0131m\u0131 hakk\u0131nda bilgi verece\u011fiz. Verilerinizin toplanmas\u0131, i\u015flenmesi ve kullan\u0131lmas\u0131 s\u00fcrecinin, ge\u00e7erli veri gizlili\u011fi haklar\u0131na ve di\u011fer t\u00fcm yasal h\u00fck\u00fcmlere uygun olarak ger\u00e7ekle\u015ftirilece\u011fini ve verilerinizin her zaman kesinlikle gizli tutulaca\u011f\u0131n\u0131 garanti ederiz.<\/p>\n<h3>Veri toplaman\u0131n kapsam\u0131 ve amac\u0131<\/h3>\n<p>Bize bir i\u015f ba\u015fvurusu yaparsan\u0131z, bir i\u015f ili\u015fkisinin kurulmas\u0131na ili\u015fkin karar\u0131n al\u0131nmas\u0131 i\u00e7in gerekli olmas\u0131 halinde, bununla ba\u011flant\u0131l\u0131 t\u00fcm ki\u015fisel verileri (\u00f6rne\u011fin ileti\u015fim ve yaz\u0131\u015fma verileri, ba\u015fvuru belgeleri, i\u015f g\u00f6r\u00fc\u015fmeleri s\u0131ras\u0131nda tutulan notlar vb.) i\u015fleme alaca\u011f\u0131z.<\/p>\n<p>Yukar\u0131da belirtilen hususlar\u0131n yasal dayanaklar\u0131, Alman hukukuna g\u00f6re Yeni GDPR\u2019nin 26. maddesi (\u0130\u015f \u0130li\u015fkisi M\u00fczakeresi), GDPR\u2019nin 6. maddesinin 1. f\u0131kras\u0131n\u0131n b bendi (Genel S\u00f6zle\u015fme M\u00fczakereleri) ve \u2013 bize onay vermi\u015f olman\u0131z kayd\u0131yla \u2013 GDPR\u2019nin 6. maddesinin 1. f\u0131kras\u0131n\u0131n a bendidir. Verdi\u011finiz herhangi bir onay\u0131 istedi\u011finiz zaman geri alabilirsiniz. \u015eirketimiz i\u00e7inde ki\u015fisel verileriniz, yaln\u0131zca i\u015f ba\u015fvurunuzun i\u015flenmesiyle ilgilenen ki\u015filerle payla\u015f\u0131lacakt\u0131r.<\/p>\n<p>\u0130\u015f ba\u015fvurunuzun i\u015fe al\u0131nman\u0131zla sonu\u00e7lanmas\u0131 halinde, g\u00f6nderdi\u011finiz veriler, i\u015f ili\u015fkisinin y\u00fcr\u00fct\u00fclmesi amac\u0131yla, Yeni GDPR\u2019nin 26. maddesi ve GDPR\u2019nin 6. maddesinin 1. f\u0131kras\u0131n\u0131n b bendi uyar\u0131nca veri i\u015fleme sistemimizde ar\u015fivlenecektir.<\/p>\n<h3>Veri Ar\u015fivleme S\u00fcresi<\/h3>\n<p>Size bir i\u015f teklifi sunamamam\u0131z, sizin bir i\u015f teklifini reddetmeniz veya ba\u015fvurunuzu geri \u00e7ekmeniz durumunda, me\u015fru menfaatlerimiz (GDPR Madde 6, paragraf f bendi uyar\u0131nca) ba\u015fvuru s\u00fcrecinin sona ermesinden (ba\u015fvurunun reddedilmesi veya geri \u00e7ekilmesi) itibaren en fazla 6 ay s\u00fcreyle saklama hakk\u0131m\u0131z\u0131 sakl\u0131 tutar\u0131z.<\/p>\n<p>Daha sonra veriler silinecek ve fiziki ba\u015fvuru belgeleri imha edilecektir. Bu verilerin saklanmas\u0131, \u00f6zellikle hukuki bir ihtilaf durumunda delil olarak kullan\u0131l\u0131r. 6 ayl\u0131k s\u00fcrenin sona ermesinden sonra verilere ihtiya\u00e7 duyulaca\u011f\u0131 a\u00e7\u0131k\u00e7a ortada ise (\u00f6rne\u011fin, yakla\u015fan veya devam eden bir hukuki ihtilaf nedeniyle), silme i\u015flemi ancak verilerin daha fazla saklanmas\u0131na y\u00f6nelik ama\u00e7 ortadan kalkt\u0131\u011f\u0131nda ger\u00e7ekle\u015ftirilecektir.<\/p>\n<p>Onay vermi\u015f olman\u0131z durumunda (GDPR Madde 6, 1. f\u0131kra, a bendi) veya yasal veri saklama y\u00fck\u00fcml\u00fcl\u00fckleri silinmeyi engelliyorsa, veriler daha uzun s\u00fcre saklanabilir.<\/p>\n<h2>10. \u0130leti\u015fim amac\u0131yla WhatsApp Business\u2019\u0131n kullan\u0131m\u0131<\/h2>\n<h3>WhatsApp Business \u00fczerinden ileti\u015fim<\/h3>\n<p>Bizimle ileti\u015fime ge\u00e7ebilmeniz ve yaz\u0131\u015fmalar\u0131n\u0131z i\u00e7in, WhatsApp Business \u00fczerinden bize ula\u015fma imk\u00e2n\u0131 sunuyoruz.<\/p>\n<p>Bu hizmetin i\u015fletmecisi, Facebook\u2019un bir i\u015ftiraki olan WhatsApp Ireland Limited (4 Grand Canal Square, Grand Canal Harbour, Dublin 2, \u0130rlanda) \u015firketidir. Hem biz (Yokohama Europe GmbH) hem de WhatsApp, telefon numaran\u0131za eri\u015febilir.<\/p>\n<p>Veriler ayr\u0131ca WhatsApp taraf\u0131ndan ABD\u2019deki Facebook sunucular\u0131na iletilecek ve WhatsApp ile Facebook taraf\u0131ndan WhatsApp Gizlilik Politikas\u0131 uyar\u0131nca i\u015flenecektir; bu politika, WhatsApp hizmetinin iyile\u015ftirilmesi gibi kendi ama\u00e7lar\u0131 do\u011frultusunda yap\u0131lan i\u015flemeyi de kapsamaktad\u0131r. WhatsApp\u2019\u0131n, kullan\u0131lan cihaz\u0131n adres defterine ve burada depolanan ki\u015fi verilerine de eri\u015fti\u011fini belirtmek isteriz.<\/p>\n<p>Talebinizi i\u015fleme almak ve olas\u0131 sorular\u0131n\u0131z\u0131 yan\u0131tlayabilmek amac\u0131yla, telefon numaran\u0131z\u0131, ad\u0131n\u0131z\u0131, taraf\u0131n\u0131zdan sa\u011flanan di\u011fer verileri ve talebinizin veya mesaj\u0131n\u0131z\u0131n i\u00e7eri\u011fini i\u015fliyoruz.<\/p>\n<h3>Yasal dayanak<\/h3>\n<p>Bu i\u015fleme ve bu ba\u011flamda WhatsApp\u2019a yap\u0131lan aktar\u0131m\u0131n hukuki dayana\u011f\u0131, talebinizin bizimle mevcut bir s\u00f6zle\u015fme ili\u015fkisine ili\u015fkin olmas\u0131 veya b\u00f6yle bir s\u00f6zle\u015fme ili\u015fkisinin kurulmas\u0131na y\u00f6nelik olmas\u0131 durumunda, GDPR\u2019nin 6. maddesinin 1. f\u0131kras\u0131n\u0131n 1. c\u00fcmlesinin b bendi\u2019dir.<\/p>\n<p>Aksi takdirde, bu veri i\u015fleme i\u015flemi GDPR\u2019nin 6. maddesinin 1. f\u0131kras\u0131n\u0131n 1. c\u00fcmlesi uyar\u0131nca ger\u00e7ekle\u015ftirilir; bu ba\u011flamda me\u015fru menfaatimiz, ilgili talebinizin \u00f6zenle i\u015flenmesi ve olas\u0131 teknik sorunlar\u0131n \u00e7\u00f6z\u00fclmesidir.<\/p>\n<p>WhatsApp \u00fczerinden ileti\u015fimin yaln\u0131zca ek bir se\u00e7enek olmas\u0131n\u0131 sa\u011flayarak sizin \u00e7\u0131karlar\u0131n\u0131z\u0131 g\u00f6z \u00f6n\u00fcnde bulunduruyoruz. Elbette, bu b\u00f6l\u00fcm\u00fcn ba\u015flar\u0131nda da belirtildi\u011fi gibi, telefon, e-posta veya web sitemizdeki ileti\u015fim formu gibi ba\u015fka yollarla da bizimle ileti\u015fime ge\u00e7ebilirsiniz.<\/p>\n<p>Buna ek olarak, m\u00fcmk\u00fcn oldu\u011fu durumlarda WhatsApp \u00fczerinden ileti\u015fim se\u00e7ene\u011fi i\u00e7in ayr\u0131 bir cihaz kullan\u0131yoruz; bu cihazda yaln\u0131zca WhatsApp \u00fczerinden bizimle ileti\u015fim kuran ba\u015fvuru sahiplerinin ileti\u015fim bilgileri saklanmaktad\u0131r; bu sayede WhatsApp, yaln\u0131zca hizmeti kendi iste\u011fiyle kullanan ba\u015fvuru sahiplerinden veri almaktad\u0131r.<\/p>\n<h2>11. <span data-teams=\"true\"><strong>Kampanyalar veya \u00f6d\u00fcller<\/strong><\/span><\/h2>\n<p>Taraf\u0131m\u0131zdan sunulan bir promosyon veya \u00f6d\u00fcl kampanyas\u0131na kat\u0131l\u0131rsan\u0131z, \u00f6d\u00fcle hak kazan\u0131p kazanmad\u0131\u011f\u0131n\u0131z\u0131 kontrol etmek, sizinle ileti\u015fime ge\u00e7mek ve \u00f6d\u00fcl\u00fc size g\u00f6ndermek amac\u0131yla ki\u015fisel verilerinizi i\u015fleriz. Bu ama\u00e7la, ad\u0131n\u0131z\u0131, soyad\u0131n\u0131z\u0131 ve e-posta adresinizi i\u015fliyoruz. Sizinle ilgili i\u015fledi\u011fimiz di\u011fer veriler, ilgili promosyona g\u00f6re de\u011fi\u015fir. \u00d6rne\u011fin, 2025 sonbahar\u0131nda ger\u00e7ekle\u015fecek lastik promosyonu i\u00e7in, lastik sat\u0131n al\u0131m\u0131n\u0131zla ilgili bilgileri ve lastikleri sat\u0131n ald\u0131\u011f\u0131n\u0131z bayiyle ilgili bilgileri de i\u015fliyoruz.<\/p>\n<p>Veri i\u015flemenin hukuki dayana\u011f\u0131, GDPR\u2019nin 6. maddesinin 1. f\u0131kras\u0131n\u0131n f bendi olup, bu ba\u011flamda me\u015fru menfaatimiz, kampanyan\u0131n d\u00fczg\u00fcn bir \u015fekilde y\u00fcr\u00fct\u00fclmesi ve \u00f6d\u00fcllerin verilmesinden ibarettir. Kat\u0131l\u0131m\u0131n\u0131z i\u00e7in sizinle bir s\u00f6zle\u015fme imzalam\u0131\u015f olmam\u0131z durumunda, veri i\u015fleme i\u015flemi GDPR\u2019nin 6. maddesinin 1. f\u0131kras\u0131n\u0131n b bendi temelinde ger\u00e7ekle\u015ftirilir.<\/p>\n<p>Ki\u015fisel verileriniz, kampanyan\u0131n y\u00fcr\u00fct\u00fclmesi ve yasal saklama s\u00fcreleri ile zamana\u015f\u0131m\u0131 s\u00fcrelerine uymak i\u00e7in gerekli oldu\u011fu s\u00fcrece i\u015flenecektir.<\/p>\n<p>Kampanyalar\u0131 y\u00fcr\u00fctmek amac\u0131yla, reklam veya \u00f6d\u00fcl kampanyalar\u0131n\u0131n y\u00fcr\u00fct\u00fclmesi ve i\u015flenmesinde bize destek olan hizmet sa\u011flay\u0131c\u0131lar\u0131ndan (\u00f6rne\u011fin, BT ve kargo hizmet sa\u011flay\u0131c\u0131lar\u0131) yararlan\u0131yoruz.\u00a0<\/p>\n<\/div>\n<\/div><\/div>\n<\/section><\/div>","protected":false},"excerpt":{"rendered":"<p>Home \/ Privacy Policy Privacy Policy There are no headings in this document. 1. An overview of data protection General information The following information will provide you with an easy to navigate overview of what will happen with your personal data when you visit this website. The term \u201cpersonal data\u201d comprises all data that can [&hellip;]<\/p>\n","protected":false},"author":1,"featured_media":0,"parent":0,"menu_order":10,"comment_status":"closed","ping_status":"closed","template":"","meta":{"_acf_changed":false,"_breakdance_hide_in_design_set":false,"_breakdance_tags":"","footnotes":""},"class_list":["post-3","page","type-page","status-publish","hentry"],"acf":[],"yoast_head":"<!-- This site is optimized with the Yoast SEO plugin v28.2 - https:\/\/yoast.com\/product\/yoast-seo-wordpress\/ -->\n<title>Privacy Policy - Yokohama<\/title>\n<meta name=\"description\" content=\"Read Yokohama Privacy Policy to understand how we collect, use, and protect your personal information while you use our website and services.\" \/>\n<meta name=\"robots\" content=\"index, follow, max-snippet:-1, max-image-preview:large, max-video-preview:-1\" \/>\n<link rel=\"canonical\" href=\"https:\/\/www.yokohama.eu\/tr\/gizlilik-politikasi\/\" \/>\n<meta property=\"og:locale\" content=\"tr_TR\" \/>\n<meta property=\"og:type\" content=\"article\" \/>\n<meta property=\"og:title\" content=\"Privacy Policy - Yokohama\" \/>\n<meta property=\"og:description\" content=\"Read Yokohama Privacy Policy to understand how we collect, use, and protect your personal information while you use our website and services.\" \/>\n<meta property=\"og:url\" content=\"https:\/\/www.yokohama.eu\/tr\/gizlilik-politikasi\/\" \/>\n<meta property=\"og:site_name\" content=\"Yokohama\" \/>\n<meta property=\"article:modified_time\" content=\"2025-10-16T10:48:46+00:00\" \/>\n<meta name=\"twitter:card\" content=\"summary_large_image\" \/>\n<meta name=\"twitter:label1\" content=\"Est. reading time\" \/>\n\t<meta name=\"twitter:data1\" content=\"25 dakika\" \/>\n<script type=\"application\/ld+json\" class=\"yoast-schema-graph\">{\"@context\":\"https:\\\/\\\/schema.org\",\"@graph\":[{\"@type\":\"WebPage\",\"@id\":\"https:\\\/\\\/www.yokohama.eu\\\/privacy-policy\\\/\",\"url\":\"https:\\\/\\\/www.yokohama.eu\\\/privacy-policy\\\/\",\"name\":\"Privacy Policy - Yokohama\",\"isPartOf\":{\"@id\":\"https:\\\/\\\/www.yokohama.eu\\\/#website\"},\"datePublished\":\"2025-03-25T14:32:03+00:00\",\"dateModified\":\"2025-10-16T10:48:46+00:00\",\"description\":\"Read Yokohama Privacy Policy to understand how we collect, use, and protect your personal information while you use our website and services.\",\"breadcrumb\":{\"@id\":\"https:\\\/\\\/www.yokohama.eu\\\/privacy-policy\\\/#breadcrumb\"},\"inLanguage\":\"tr\",\"potentialAction\":[{\"@type\":\"ReadAction\",\"target\":[\"https:\\\/\\\/www.yokohama.eu\\\/privacy-policy\\\/\"]}]},{\"@type\":\"BreadcrumbList\",\"@id\":\"https:\\\/\\\/www.yokohama.eu\\\/privacy-policy\\\/#breadcrumb\",\"itemListElement\":[{\"@type\":\"ListItem\",\"position\":1,\"name\":\"Home\",\"item\":\"https:\\\/\\\/www.yokohama.eu\\\/\"},{\"@type\":\"ListItem\",\"position\":2,\"name\":\"Privacy Policy\"}]},{\"@type\":\"WebSite\",\"@id\":\"https:\\\/\\\/www.yokohama.eu\\\/#website\",\"url\":\"https:\\\/\\\/www.yokohama.eu\\\/\",\"name\":\"Yokohama\",\"description\":\"\",\"potentialAction\":[{\"@type\":\"SearchAction\",\"target\":{\"@type\":\"EntryPoint\",\"urlTemplate\":\"https:\\\/\\\/www.yokohama.eu\\\/?s={search_term_string}\"},\"query-input\":{\"@type\":\"PropertyValueSpecification\",\"valueRequired\":true,\"valueName\":\"search_term_string\"}}],\"inLanguage\":\"tr\"}]}<\/script>\n<!-- \/ Yoast SEO plugin. -->","yoast_head_json":{"title":"Gizlilik Politikas\u0131 - Yokohama","description":"Web sitemizi ve hizmetlerimizi kullan\u0131rken ki\u015fisel bilgilerinizi nas\u0131l toplad\u0131\u011f\u0131m\u0131z\u0131, kulland\u0131\u011f\u0131m\u0131z\u0131 ve korudu\u011fumuzu \u00f6\u011frenmek i\u00e7in Yokohama Gizlilik Politikas\u0131\u2019n\u0131 okuyun.","robots":{"index":"index","follow":"follow","max-snippet":"max-snippet:-1","max-image-preview":"max-image-preview:large","max-video-preview":"max-video-preview:-1"},"canonical":"https:\/\/www.yokohama.eu\/tr\/gizlilik-politikasi\/","og_locale":"tr_TR","og_type":"article","og_title":"Privacy Policy - Yokohama","og_description":"Read Yokohama Privacy Policy to understand how we collect, use, and protect your personal information while you use our website and services.","og_url":"https:\/\/www.yokohama.eu\/tr\/gizlilik-politikasi\/","og_site_name":"Yokohama","article_modified_time":"2025-10-16T10:48:46+00:00","twitter_card":"summary_large_image","twitter_misc":{"Est. reading time":"25 dakika"},"schema":{"@context":"https:\/\/schema.org","@graph":[{"@type":"WebPage","@id":"https:\/\/www.yokohama.eu\/privacy-policy\/","url":"https:\/\/www.yokohama.eu\/privacy-policy\/","name":"Gizlilik Politikas\u0131 - Yokohama","isPartOf":{"@id":"https:\/\/www.yokohama.eu\/#website"},"datePublished":"2025-03-25T14:32:03+00:00","dateModified":"2025-10-16T10:48:46+00:00","description":"Web sitemizi ve hizmetlerimizi kullan\u0131rken ki\u015fisel bilgilerinizi nas\u0131l toplad\u0131\u011f\u0131m\u0131z\u0131, kulland\u0131\u011f\u0131m\u0131z\u0131 ve korudu\u011fumuzu \u00f6\u011frenmek i\u00e7in Yokohama Gizlilik Politikas\u0131\u2019n\u0131 okuyun.","breadcrumb":{"@id":"https:\/\/www.yokohama.eu\/privacy-policy\/#breadcrumb"},"inLanguage":"tr","potentialAction":[{"@type":"ReadAction","target":["https:\/\/www.yokohama.eu\/privacy-policy\/"]}]},{"@type":"BreadcrumbList","@id":"https:\/\/www.yokohama.eu\/privacy-policy\/#breadcrumb","itemListElement":[{"@type":"ListItem","position":1,"name":"Home","item":"https:\/\/www.yokohama.eu\/"},{"@type":"ListItem","position":2,"name":"Privacy Policy"}]},{"@type":"WebSite","@id":"https:\/\/www.yokohama.eu\/#website","url":"https:\/\/www.yokohama.eu\/","name":"Yokohama","description":"","potentialAction":[{"@type":"SearchAction","target":{"@type":"EntryPoint","urlTemplate":"https:\/\/www.yokohama.eu\/?s={search_term_string}"},"query-input":{"@type":"PropertyValueSpecification","valueRequired":true,"valueName":"search_term_string"}}],"inLanguage":"tr"}]}},"_links":{"self":[{"href":"https:\/\/www.yokohama.eu\/tr\/wp-json\/wp\/v2\/pages\/3","targetHints":{"allow":["GET"]}}],"collection":[{"href":"https:\/\/www.yokohama.eu\/tr\/wp-json\/wp\/v2\/pages"}],"about":[{"href":"https:\/\/www.yokohama.eu\/tr\/wp-json\/wp\/v2\/types\/page"}],"author":[{"embeddable":true,"href":"https:\/\/www.yokohama.eu\/tr\/wp-json\/wp\/v2\/users\/1"}],"replies":[{"embeddable":true,"href":"https:\/\/www.yokohama.eu\/tr\/wp-json\/wp\/v2\/comments?post=3"}],"version-history":[{"count":2,"href":"https:\/\/www.yokohama.eu\/tr\/wp-json\/wp\/v2\/pages\/3\/revisions"}],"predecessor-version":[{"id":48253,"href":"https:\/\/www.yokohama.eu\/tr\/wp-json\/wp\/v2\/pages\/3\/revisions\/48253"}],"wp:attachment":[{"href":"https:\/\/www.yokohama.eu\/tr\/wp-json\/wp\/v2\/media?parent=3"}],"curies":[{"name":"wp","href":"https:\/\/api.w.org\/{rel}","templated":true}]}}